{"id":45,"date":"2021-07-01T09:37:08","date_gmt":"2021-07-01T09:37:08","guid":{"rendered":"http:\/\/www.tradycja-swidnica.org.pl\/?page_id=45"},"modified":"2025-03-19T07:32:28","modified_gmt":"2025-03-19T07:32:28","slug":"sw-jozef-patron-duszpasterstwa","status":"publish","type":"page","link":"http:\/\/www.tradycja-swidnica.org.pl\/index.php\/sw-jozef-patron-duszpasterstwa\/","title":{"rendered":"\u015aw. J\u00f3zef &#8211; Patron Duszpasterstwa"},"content":{"rendered":"\r\n<p class=\"has-text-align-center\">\u00a0<\/p>\r\n\r\n\r\n\r\n<div class=\"wp-block-image\">\r\n<figure class=\"aligncenter size-large\"><img decoding=\"async\" class=\"wp-image-256\" src=\"https:\/\/tradycja-swidnica.pl\/wp-content\/uploads\/2020\/01\/s-joseph-3-630x1024.jpg\" alt=\"\" \/><\/figure>\r\n<\/div>\r\n\r\n\r\n\r\n<p class=\"has-text-align-center\" style=\"text-align: center;\"><br \/><span style=\"font-size: 14pt; color: #ff0000;\"><strong>\u015awi\u0119ty J\u00f3zef <\/strong><\/span><\/p>\r\n<p><span style=\"font-size: 14pt; color: #ff0000;\"> \r\n\r\n <\/span><\/p>\r\n<p class=\"has-text-align-center\" style=\"text-align: center;\"><span style=\"font-size: 14pt; color: #ff0000;\"><strong>Opiekun Zbawiciela<\/strong><\/span><\/p>\r\n<p><span style=\"font-size: 14pt; color: #ff0000;\"> \r\n\r\n <\/span><\/p>\r\n<p class=\"has-text-align-center\" style=\"text-align: center;\"><span style=\"font-size: 14pt; color: #ff0000;\"><strong>Oblubieniec Naj\u015bwi\u0119tszej Maryi Panny<\/strong><\/span><\/p>\r\n<p><span style=\"font-size: 14pt; color: #ff0000;\"> \r\n\r\n <\/span><\/p>\r\n<p class=\"has-text-align-center\" style=\"text-align: center;\"><span style=\"font-size: 14pt; color: #ff0000;\"><strong>Patron Ko\u015bcio\u0142a powszechnego<\/strong><\/span><\/p>\r\n\r\n\r\n\r\n<p>&nbsp;<\/p>\r\n<p style=\"text-align: center;\"><strong>Obchody liturgiczne:<\/strong><\/p>\r\n<p>\r\n\r\n<\/p>\r\n<p style=\"text-align: center;\"><strong>19 marca \u2013 S. Ioseph Sponsi Beatae Mariae Virginis Confessoris (1 kl.)<\/strong><\/p>\r\n<p>\r\n\r\n<\/p>\r\n<p style=\"text-align: center;\"><strong>1 maja \u2013 S. Ioseph Opificis (1 kl.)<\/strong><\/p>\r\n<p>\r\n\r\n<\/p>\r\n<div class=\"wp-block-image\">\r\n<figure class=\"aligncenter size-large\"><img decoding=\"async\" class=\"wp-image-257\" src=\"https:\/\/tradycja-swidnica.pl\/wp-content\/uploads\/2020\/01\/maxresdefault-1024x576.jpg\" alt=\"\" \/><\/figure>\r\n<\/div>\r\n<p>\r\n\r\n<\/p>\r\n<h5 style=\"text-align: center;\"><strong>Rok \u015bw. J\u00f3zefa (8 XII 2020-8 XII 2021) &#8211; List apostolski i odpusty og\u0142oszone przez Penitencjari\u0119 Apostolsk\u0105<\/strong><\/h5>\r\n<p style=\"text-align: justify;\">Z okazji przypadaj\u0105cej 8 grudnia 2020 roku 150. rocznicy og\u0142oszenia \u015bw. J\u00f3zefa Patronem Ko\u015bcio\u0142a powszechnego, papie\u017c Franciszek og\u0142osi\u0142\u00a0 do 8 grudnia 2021 roku specjalny \u201eRok\u201d po\u015bwi\u0119cony Opiekunowi Jezusa.<\/p>\r\n<p style=\"text-align: justify;\">Z tej okazji zosta\u0142 og\u0142oszony List apostolski \u201ePatris corde \u2013 Z ojcowskim sercem\u201d.<\/p>\r\n<p style=\"text-align: justify;\"><a href=\"https:\/\/drive.google.com\/file\/d\/18q1s43uX3K-nRRVu5ZbMtwK84XLvoOxo\/view?usp=sharing\">&gt;&gt;List Apostolski \u201ePatris corde\u201d<\/a><\/p>\r\n<div class=\"article__subTitle\" style=\"text-align: justify;\"><strong>Z Rokiem \u015bw. J\u00f3zefa zwi\u0105zany jest dar specjalnych odpust\u00f3w. Dar odpustu zupe\u0142nego mo\u017cna otrzyma\u0107 pod zwyk\u0142ymi warunkami. <\/strong><\/div>\r\n<div class=\"article__subTitle\" style=\"text-align: justify;\">\u00a0<\/div>\r\n<p style=\"text-align: justify;\">Tekst Dekretu:<\/p>\r\n<p style=\"text-align: justify;\">PENITENCJARIA APOSTOLSKA<\/p>\r\n<p style=\"text-align: justify;\">DEKRET<\/p>\r\n<p style=\"text-align: justify;\">Prot. n. 866\/20\/I<\/p>\r\n<p style=\"text-align: justify;\"><strong>Udziela si\u0119 daru specjalnych Odpust\u00f3w z okazji Roku Jubileuszowego na cze\u015b\u0107 \u015awi\u0119tego J\u00f3zefa, zarz\u0105dzonego przez Papie\u017ca Franciszka dla godnego uczczenia 150. rocznicy dnia, w kt\u00f3rym \u015awi\u0119ty J\u00f3zef zosta\u0142 og\u0142oszony Patronem Ko\u015bcio\u0142a Katolickiego.<\/strong><\/p>\r\n<p style=\"text-align: justify;\">Dzi\u015b up\u0142ywa 150 lat, od kiedy Dekretem \u201eQuemadmodum Deus\u201d B\u0142ogos\u0142awiony Papie\u017c Pius IX, poruszony ci\u0119\u017ck\u0105 i bolesn\u0105 gorycz\u0105 czas\u00f3w, w kt\u00f3rych znajdowa\u0142 si\u0119 Ko\u015bci\u00f3\u0142 prze\u015bladowany przez wrog\u00f3w, og\u0142osi\u0142 \u015awi\u0119tego J\u00f3zefa Patronem Ko\u015bcio\u0142a Katolickiego.<\/p>\r\n<p style=\"text-align: justify;\">Celem utrwalenia ufno\u015bci ca\u0142ego Ko\u015bcio\u0142a w szczeg\u00f3lny patronat Opiekuna Jezusa, Jego \u015awi\u0105tobliwo\u015b\u0107 Papie\u017c Franciszek postanowi\u0142, \u017ce od dnia dzisiejszego a\u017c do dnia 8\u00a0grudnia 2021, dnia rocznicy og\u0142oszenia owego Dekretu oraz dnia po\u015bwi\u0119conego Naj\u015bwi\u0119tszej Maryi Panny Niepokalanej i Oblubienicy najczystszego J\u00f3zefa, b\u0119dzie obchodzony specjalny Rok \u015awi\u0119tego J\u00f3zefa, w kt\u00f3rym wszyscy wierni b\u0119d\u0105 mogli na jego wz\u00f3r wzmacnia\u0107 codziennie w\u0142asne \u017cycie wiary, w pe\u0142ni realizuj\u0105c wol\u0119 Bo\u017c\u0105.<\/p>\r\n<p style=\"text-align: justify;\">A zatem niech wszyscy wierni, poprzez modlitwy i dobre czyny, z pomoc\u0105 \u015awi\u0119tego J\u00f3zefa, Opiekuna \u015awi\u0119tej Rodziny z Nazaretu, staraj\u0105 si\u0119 uzyska\u0107 pociech\u0119 i ulg\u0119 w ci\u0119\u017ckich ludzkich utrapieniach, kt\u00f3re dr\u0119cz\u0105 wsp\u00f3\u0142czesny \u015bwiat.<\/p>\r\n<p style=\"text-align: justify;\">Pobo\u017cno\u015b\u0107 wzgl\u0119dem Opiekuna Odkupiciela rozwin\u0119\u0142a si\u0119 bujnie w historii Ko\u015bcio\u0142a, kt\u00f3ry nie tylko przyznaje mu wyj\u0105tkowy kult zaraz po Matce Bo\u017cej i jego Oblubienicy, ale tak\u017ce powierzy\u0142 mu liczne patronaty.<\/p>\r\n<p style=\"text-align: justify;\">Magisterium Ko\u015bcio\u0142a z upodobaniem i wytrwale odnajduje w osobie \u015awi\u0119tego J\u00f3zefa, jak w skarbcu, dawne i nowe doskona\u0142o\u015bci, podobnie jak ojciec rodziny z Ewangelii \u015aw.\u00a0Mateusza, kt\u00f3ry \u201eze swego skarbca wydobywa rzeczy nowe i stare\u201d (Mt 13,52).<\/p>\r\n<p style=\"text-align: justify;\">Aby wype\u0142ni\u0107 ten upragniony cel, najwy\u017csz\u0105 pomoc\u0105 b\u0119dzie dar \u015awi\u0119tych Odpust\u00f3w, kt\u00f3re Penitencjaria Apostolska ch\u0119tnie rozszerza na Rok \u015awi\u0119tego J\u00f3zefa poprzez niniejszy Dekret, wydany zgodnie z wol\u0105 Jego \u015awi\u0105tobliwo\u015bci Papie\u017ca Franciszka.<\/p>\r\n<p style=\"text-align: justify;\"><strong>Udziela si\u0119 Odpustu zupe\u0142nego pod zwyk\u0142ymi warunkami (tzn. sakramentalna spowied\u017a, Komunia eucharystyczna oraz modlitwa zgodna z intencjami Ojca \u015awi\u0119tego) wiernym, kt\u00f3rzy odrywaj\u0105c si\u0119 w duchu od wszelkiego grzechu, uczestniczy\u0107 b\u0119d\u0105 w Roku \u015awi\u0119tego J\u00f3zefa w okoliczno\u015bciach i na sposoby okre\u015blone przez t\u0119 Penitencjari\u0119 Apostolsk\u0105.<\/strong><\/p>\r\n<ol style=\"text-align: justify;\">\r\n<li><strong>\u015awi\u0119ty J\u00f3zef, prawdziwy cz\u0142owiek wiary, zaprasza nas ze swej strony, aby\u015bmy odkrywali synowsk\u0105 wi\u0119\u017a z Bogiem Ojcem, odnawiali nasz\u0105 wierno\u015b\u0107 modlitwie, przyjmowali postaw\u0119 s\u0142uchania i odpowiadali z g\u0142\u0119bokim rozeznaniem woli Bo\u017cej. Udziela si\u0119 zatem odpustu zupe\u0142nego wszystkim, kt\u00f3rzy przez co najmniej p\u00f3\u0142 godziny b\u0119d\u0105 rozwa\u017ca\u0107 Modlitw\u0119 Pa\u0144sk\u0105 lub wezm\u0105 udzia\u0142 w jednym pe\u0142nym dniu skupienia, zawieraj\u0105cym rozwa\u017canie o \u015awi\u0119tym J\u00f3zefie.<\/strong><\/li>\r\n<li><strong>W Ewangelii przyznaje si\u0119 \u015awi\u0119temu J\u00f3zefowi tytu\u0142 \u201ecz\u0142owiek sprawiedliwy\u201d (Mt\u00a01,\u00a019): on to, str\u00f3\u017c \u201ewewn\u0119trznej tajemnicy, kt\u00f3ra znajduje si\u0119 w g\u0142\u0119bi serca i duszy\u201d[1], czyli uczestnik tajemnicy Boga i przez to szczeg\u00f3lny patron forum wewn\u0119trznego, zach\u0119ca nas do odkrywania warto\u015bci ciszy, roztropno\u015bci i uczciwo\u015bci w wype\u0142nianiu naszych obowi\u0105zk\u00f3w. Cnota sprawiedliwo\u015bci praktykowana w spos\u00f3b wzorowy przez J\u00f3zefa jest pe\u0142nym przylgni\u0119ciem do prawa Bo\u017cego, b\u0119d\u0105cego prawem Mi\u0142osierdzia, \u201ebowiem to w\u0142a\u015bnie mi\u0142osierdzie Boga prowadzi do pe\u0142ni prawdziwej sprawiedliwo\u015bci\u201d[2]. Dlatego ci, kt\u00f3rzy na wz\u00f3r \u015awi\u0119tego J\u00f3zefa spe\u0142ni\u0105 uczynek mi\u0142osierdzia wzgl\u0119dem cia\u0142a lub wzgl\u0119dem duszy, b\u0119d\u0105 mogli otrzyma\u0107 dar odpustu zupe\u0142nego.<\/strong><\/li>\r\n<li><strong>W powo\u0142aniu J\u00f3zefa najwa\u017cniejsze sta\u0142o si\u0119 jego bycie opiekunem \u015awi\u0119tej Rodziny z Nazaretu, oblubie\u0144cem Naj\u015bwi\u0119tszej Maryi Panny i prawnym ojcem Jezusa. Aby wezwa\u0107 rodziny chrze\u015bcija\u0144skie do odtwarzania tego przyk\u0142adu wewn\u0119trznej jedno\u015bci, mi\u0142o\u015bci i modlitwy, kt\u00f3rym jest \u015awi\u0119ta Rodzina, udziela si\u0119 odpustu zupe\u0142nego wiernym, kt\u00f3rzy odmawia\u0107 b\u0119d\u0105 R\u00f3\u017caniec \u015awi\u0119ty w rodzinach i pomi\u0119dzy narzeczonymi.<\/strong><\/li>\r\n<li><strong>S\u0142uga Bo\u017cy Pius XII, w dn. 1 maja 1955 r. ustanowi\u0142 \u015bwi\u0119to \u015awi\u0119tego J\u00f3zefa Rzemie\u015blnika, \u201ew tym celu, aby godno\u015b\u0107 pracy zosta\u0142a uznana przez wszystkich ludzi i aby ta godno\u015b\u0107 natchn\u0119\u0142a \u017cycie spo\u0142eczne i prawodawstwo, stanowione zgodnie z r\u00f3wnym podzia\u0142em uprawnie\u0144 i obowi\u0105zk\u00f3w\u201d[3]. Dlatego udziela si\u0119 odpustu zupe\u0142nego ka\u017cdemu, kto powierza\u0107 b\u0119dzie codziennie swoj\u0105 dzia\u0142alno\u015b\u0107 opiece \u015awi\u0119tego J\u00f3zefa, a tak\u017ce ka\u017cdemu wiernemu, wzywaj\u0105cemu Rzemie\u015blnika z Nazaretu w modlitwach wstawienniczych za tych, kt\u00f3rzy szukaj\u0105 pracy, aby mogli znale\u017a\u0107\u00a0zaj\u0119cie, oraz aby praca wszystkich ludzi by\u0142a bardziej godna.<\/strong><\/li>\r\n<li><strong>Ucieczka \u015awi\u0119tej Rodziny do Egiptu \u201epokazuje nam, \u017ce B\u00f3g jest tam, gdzie cz\u0142owiek znajduje si\u0119 w niebezpiecze\u0144stwie, tam gdzie cz\u0142owiek cierpi, tam gdzie ucieka, gdzie do\u015bwiadcza odrzucenia i opuszczenia\u201d[4]. Udziela si\u0119 zatem odpustu zupe\u0142nego wiernym, kt\u00f3rzy odmawia\u0107 b\u0119d\u0105 Litani\u0119 do \u015awi\u0119tego J\u00f3zefa (w tradycji \u0142aci\u0144skiej) lub Akatyst do \u015awi\u0119tego J\u00f3zefa, w ca\u0142o\u015bci lub przynajmniej w odpowiedniej cz\u0119\u015bci (w tradycji bizantyjskiej), lub te\u017c jak\u0105\u015b\u00a0inn\u0105 modlitw\u0119 do \u015awi\u0119tego J\u00f3zefa, przypisan\u0105 jako w\u0142asna w r\u00f3\u017cnych tradycjach liturgicznych, w intencji Ko\u015bcio\u0142a prze\u015bladowanego od wewn\u0105trz i od zewn\u0105trz oraz w intencji ul\u017cenia wszystkim chrze\u015bcijanom, kt\u00f3rzy cierpi\u0105 prze\u015bladowania wszelkiego rodzaju.<\/strong><\/li>\r\n<\/ol>\r\n<p style=\"text-align: justify;\">\u015awi\u0119ta Teresa z Avila uzna\u0142a w \u015awi\u0119tym J\u00f3zefie patrona we wszystkich okoliczno\u015bciach \u017cycia: \u201eInnym \u015awi\u0119tym, rzec mo\u017cna, da\u0142 B\u00f3g \u0142ask\u0119 wspomagania nas w tej lub innej potrzebie, temu za\u015b chwalebnemu \u015awi\u0119temu, jak o tym wiem z w\u0142asnego do\u015bwiadczenia, da\u0142 w\u0142adz\u0119 wspomagania nas we wszystkich\u201d[5]. W niedawnych czasach \u015awi\u0119ty Jan Pawe\u0142 II potwierdzi\u0142 ze swojej strony, \u017ce przyk\u0142ad \u015awi\u0119tego J\u00f3zefa nabiera \u201edla Ko\u015bcio\u0142a naszych czas\u00f3w szczeg\u00f3lnej aktualno\u015bci w zwi\u0105zku z nowym Tysi\u0105cleciem chrze\u015bcija\u0144stwa\u201d[6].<\/p>\r\n<p style=\"text-align: justify;\">Ponadto, celem potwierdzenia powszechno\u015bci patronatu \u015awi\u0119tego J\u00f3zefa w Ko\u015bciele, poza wspomnianymi wy\u017cej okoliczno\u015bciami, Penitencjaria Apostolska udziela odpustu zupe\u0142nego wiernym, kt\u00f3rzy odm\u00f3wi\u0105 dowoln\u0105 prawnie zatwierdzon\u0105 modlitw\u0119 lub akt pobo\u017cno\u015bci na cze\u015b\u0107 \u015awi\u0119tego J\u00f3zefa, np. \u201eDo Ciebie, \u015awi\u0119ty J\u00f3zefie\u201d, szczeg\u00f3lnie w dniach 19 marca i 1 maja, w \u015awi\u0119to \u015awi\u0119tej Rodziny Jezusa, Maryi i J\u00f3zefa, w Niedziel\u0119 \u015awi\u0119tego J\u00f3zefa (w tradycji bizantyjskiej), 19 dnia ka\u017cdego miesi\u0105ca i w ka\u017cd\u0105 \u015brod\u0119, b\u0119d\u0105c\u0105 dniem po\u015bwi\u0119conym wspomnieniu tego \u015awi\u0119tego w tradycji \u0142aci\u0144skiej.<\/p>\r\n<p style=\"text-align: justify;\">W obecnej sytuacji publicznego zagro\u017cenia zdrowia, rozszerza si\u0119 dar odpustu zupe\u0142nego w spos\u00f3b szczeg\u00f3lny na osoby w podesz\u0142ym wieku, na chorych, umieraj\u0105cych i wszystkich tych, kt\u00f3rzy z usprawiedliwionych racji nie mog\u0105 wyj\u015b\u0107 z domu, a kt\u00f3rzy odrywaj\u0105c si\u0119 w duchu od wszelkiego grzechu oraz z intencj\u0105 wype\u0142nienia, gdy tylko to b\u0119dzie mo\u017cliwe, zwyk\u0142ych warunk\u00f3w, odm\u00f3wi\u0105 w domu lub tam, gdzie zatrzymuje ich przeszkoda, akt pobo\u017cno\u015bci na cze\u015b\u0107 \u015awi\u0119tego J\u00f3zefa, pocieszyciela chorych i Patrona Dobrej \u015amierci, ofiaruj\u0105c z ufno\u015bci\u0105 Bogu bole\u015bci i niedogodno\u015bci w\u0142asnego \u017cycia.<\/p>\r\n<p style=\"text-align: justify;\">Dla duszpasterskiego u\u0142atwienia w otrzymaniu \u0142aski Bo\u017cej poprzez w\u0142adz\u0119 kluczy Ko\u015bcio\u0142a, Penitencjaria Apostolska prosi zatem usilnie, aby wszyscy kap\u0142ani wyposa\u017ceni we w\u0142a\u015bciwe uprawnienia, ofiarnie i wielkodusznie po\u015bwi\u0119cali si\u0119 sprawowaniu sakramentu pokuty oraz cz\u0119sto zanosili Komuni\u0119 \u015awi\u0119t\u0105 do chorych.<\/p>\r\n<p style=\"text-align: justify;\">Niniejszy Dekret jest wa\u017cny na Rok \u015awi\u0119tego J\u00f3zefa, bez wzgl\u0119du na jakiekolwiek inne zarz\u0105dzenia.<\/p>\r\n<p style=\"text-align: justify;\">Sporz\u0105dzono w Rzymie, w siedzibie Penitencjarii Apostolskiej, dnia 8 grudnia 2020.<\/p>\r\n<p style=\"text-align: justify;\">Mauro Kard. Piacenza<\/p>\r\n<p style=\"text-align: justify;\">Penitencjarz Wi\u0119kszy<\/p>\r\n<p style=\"text-align: justify;\">Krzysztof Nykiel<\/p>\r\n<p style=\"text-align: justify;\">Regens<\/p>\r\n<hr \/>\r\n<h5 style=\"text-align: center;\"><strong>Dekret Biskupa \u015awidnickiego <br \/>na Rok \u015awi\u0119tego J\u00f3zefa w diecezji \u015bwidnickiej<\/strong><\/h5>\r\n<p>&nbsp;<\/p>\r\n<p style=\"text-align: justify;\">L. dz. 135\/2021<\/p>\r\n<p style=\"text-align: justify;\">\u00a0<\/p>\r\n<p style=\"text-align: justify;\">I. Zgodnie z Listem Apostolskim \u201ePatris corde\u201d Papie\u017ca Franciszka, a tak\u017ce Dekretem Penitencjarii Apostolskiej z dnia 8 grudnia 2020 r. odnosz\u0105cymi si\u0119 do mo\u017cliwo\u015bci uzyskania odpustu zupe\u0142nego z racji prze\u017cywanego Roku \u015awi\u0119tego J\u00f3zefa przypominam, \u017ce w okresie od 8 grudnia 2020 r. mo\u017cna uzyska\u0107 odpust zupe\u0142ny pod zwyk\u0142ymi warunkami, czyli: sakramentalna spowied\u017a, Komunia eucharystyczna, modlitwa zgodna z intencjami Ojca \u015awi\u0119tego oraz oderwanie si\u0119 w duchu od wszelkiego grzechu.<\/p>\r\n<ul style=\"text-align: justify;\">\r\n<li>Odpust zupe\u0142ny zostaje udzielony tym, kt\u00f3rzy przez przynajmniej 30 minut podejm\u0105 medytacj\u0119 nad Modlitw\u0105 Pa\u0144sk\u0105, czyli \u201eOjcze nasz\u201d lub wezm\u0105 udzia\u0142 w rekolekcjach b\u0105d\u017a jednodniowym dniu skupienia obejmuj\u0105cym medytacj\u0119 nad osob\u0105 J\u00f3zefa, Oblubie\u0144ca Maryi.<\/li>\r\n<li>Odpust zupe\u0142ny zostaje udzielony tym, kt\u00f3rzy w ci\u0105gu tego roku, id\u0105c za\u00a0przyk\u0142adem \u015bw. J\u00f3zefa, spe\u0142ni\u0105 uczynek mi\u0142osierdzia co do cia\u0142a i\u00a0co\u00a0do\u00a0duszy.<\/li>\r\n<li>Dar odpustu zupe\u0142nego zostaje udzielony rodzinom oraz narzeczonym, kt\u00f3rzy odm\u00f3wi\u0105 modlitw\u0119 r\u00f3\u017ca\u0144cow\u0105.<\/li>\r\n<li>Odpust zupe\u0142ny b\u0119d\u0105 mogli otrzyma\u0107 ci, kt\u00f3rzy zawierz\u0105 codziennie \u015bw.\u00a0J\u00f3zefowi swoj\u0105 prac\u0119 a tak\u017ce ci, kt\u00f3rzy poszukuj\u0105 coraz godniejszej pracy.<\/li>\r\n<li>Odpustu zupe\u0142nego udziela si\u0119 wiernym, kt\u00f3rzy odm\u00f3wi\u0105 Litani\u0119 do\u00a0\u015bw.\u00a0J\u00f3zefa lub Akatyst ku jego czci (w ca\u0142o\u015bci lub przynajmniej w cz\u0119\u015bci) albo jak\u0105kolwiek inn\u0105 modlitw\u0119 do \u015bw. J\u00f3zefa w intencji Ko\u015bcio\u0142a prze\u015bladowanego oraz o umocnienie wszystkich chrze\u015bcijan poddanych r\u00f3\u017cnym formom prze\u015bladowania (zaznaczam, \u017ce w Okresie Wielkiego Postu w ewentualnym \u015bpiewie Akatystu nale\u017cy pomin\u0105\u0107 wersety allelujatyczne, por. List &#8222;Paschalis sollemnitatis&#8221; Kongregacji ds. Kultu Bo\u017cego z 1988 r., nr 18).<\/li>\r\n<li>Dar odpustu otrzymuj\u0105 wierni, kt\u00f3rzy odm\u00f3wi\u0105 jak\u0105kolwiek modlitw\u0119 prawnie zatwierdzon\u0105 lub spe\u0142ni\u0105 inny akt pobo\u017cno\u015bci ku czci \u015bw. J\u00f3zefa, zw\u0142aszcza przy okazji \u015bwi\u0105t jemu dedykowanych: 19 marca, 1 maja, a tak\u017ce w \u015awi\u0119to \u015awi\u0119tej Rodziny, 19. dnia ka\u017cdego miesi\u0105ca oraz w ka\u017cd\u0105 \u015brod\u0119 jako dzie\u0144, kt\u00f3ry w tradycji \u0142aci\u0144skiej by\u0142 szczeg\u00f3lnie po\u015bwi\u0119cony \u015bw.\u00a0J\u00f3zefowi.<\/li>\r\n<li>Wobec zagro\u017ce\u0144 spowodowanych pandemi\u0105 dar odpustu zupe\u0142nego zostaje rozszerzony na osoby starsze, chore, konaj\u0105ce oraz tych, kt\u00f3rzy z\u00a0uzasadnionych powod\u00f3w nie mog\u0105 opuszcza\u0107 dom\u00f3w, a kt\u00f3rzy odrzuc\u0105 wszelkie upodobanie grzechu i b\u0119d\u0105 mieli szczer\u0105 intencj\u0119 zado\u015b\u0107uczynienia, kiedy tylko stanie si\u0119 mo\u017cliwe, trzem pozosta\u0142ym zwyk\u0142ym warunkom, we\u00a0w\u0142asnym domu lub tam, gdzie si\u0119 aktualnie znajduj\u0105, spe\u0142ni\u0105 akt pobo\u017cno\u015bci ku czci \u015bw. J\u00f3zefa, ofiaruj\u0105c cierpienia i\u00a0niedogodno\u015bci swojego \u017cycia.<\/li>\r\n<\/ul>\r\n<p style=\"text-align: justify;\">\u00a0<\/p>\r\n<p style=\"text-align: justify;\">II. Postanawiam, zgodnie z Wykazem Odpust\u00f3w [Nadanie 7], aby w Roku \u015awi\u0119tego J\u00f3zefa w diecezji \u015bwidnickiej mo\u017cna by\u0142o uzyska\u0107 odpust cz\u0105stkowy za nawiedzenie wymienionych poni\u017cej miejsc kultu \u015bw. J\u00f3zefa, kt\u00f3re w tym czasie staj\u0105 si\u0119 jubileuszowymi miejscami \u0142aski. W czasie nawiedzenia nale\u017cy odm\u00f3wi\u0107 Modlitw\u0119 Pa\u0144sk\u0105 i prawnie zatwierdzon\u0105 modlitw\u0119 do \u015bw. J\u00f3zefa.<\/p>\r\n<p style=\"text-align: justify;\">Jako jubileuszowe miejsca \u0142aski wyznaczam nast\u0119puj\u0105ce ko\u015bcio\u0142y i kaplice:<\/p>\r\n<ul style=\"text-align: justify;\">\r\n<li>katedra \u015bwidnicka pw. \u015bw. Stanis\u0142awa i Wac\u0142awa (kaplica \u015bw. J\u00f3zefa),<\/li>\r\n<li>ko\u015bci\u00f3\u0142 \u2013 sanktuarium \u015bw. J\u00f3zefa Oblubie\u0144ca Naj\u015bwi\u0119tszej Maryi Panny w\u00a0\u015awidnicy,<\/li>\r\n<li>ko\u015bci\u00f3\u0142 \u2013 diecezjalne sanktuarium \u015bw. J\u00f3zefa Opiekuna Rodzin w\u00a0Boles\u0142awowie,<\/li>\r\n<li>kaplica zakonna pw. \u015bw. J\u00f3zefa w Domu Si\u00f3str El\u017cbietanek w Bardzie,<\/li>\r\n<li>ko\u015bci\u00f3\u0142 filialny pw. \u015bw. J\u00f3zefa w Bole\u015bcinie (parafia Grodziszcze),<\/li>\r\n<li>ko\u015bci\u00f3\u0142 filialny pw. \u015bw. J\u00f3zefa Oblubie\u0144ca Naj\u015bwi\u0119tszej Maryi Panny w\u00a0Bystrzycy Dolnej (parafia Bystrzyca G\u00f3rna),<\/li>\r\n<li>ko\u015bci\u00f3\u0142 filialny pw. \u015bw. J\u00f3zefa Oblubie\u0144ca Naj\u015bwi\u0119tszej Maryi Panny w\u00a0Drogomi\u0142owicach (parafia Konary),<\/li>\r\n<li>ko\u015bci\u00f3\u0142 filialny pw. \u015bw. J\u00f3zefa w G\u0142uszycy,<\/li>\r\n<li>ko\u015bci\u00f3\u0142 parafialny pw. \u015bw. J\u00f3zefa Oblubie\u0144ca Naj\u015bwi\u0119tszej Maryi Panny w\u00a0Jaworzynie \u015al\u0105skiej,<\/li>\r\n<li>kaplica mszalna pw. \u015bw. J\u00f3zefa Oblubie\u0144ca Naj\u015bwi\u0119tszej Maryi Panny w\u00a0Jod\u0142owniku (parafia Ostroszowice),<\/li>\r\n<li>ko\u015bci\u00f3\u0142 parafialny pw. \u015bw. J\u00f3zefa Oblubie\u0144ca Naj\u015bwi\u0119tszej Maryi Panny w\u00a0Kwietnikach,<\/li>\r\n<li>ko\u015bci\u00f3\u0142 parafialny pw. \u015bw. J\u00f3zefa Oblubie\u0144ca Naj\u015bwi\u0119tszej Maryi Panny w\u00a0\u0141agiewnikach,<\/li>\r\n<li>ko\u015bci\u00f3\u0142 parafialny pw. \u015bw. J\u00f3zefa Oblubie\u0144ca Naj\u015bwi\u0119tszej Maryi Panny w\u00a0Mi\u0119dzyg\u00f3rzu,<\/li>\r\n<li>ko\u015bci\u00f3\u0142 parafialny pw. \u015bw. Floriana i \u015bw. J\u00f3zefa w Olbrachcicach,<\/li>\r\n<li>ko\u015bci\u00f3\u0142 filialny pw. \u015bw. J\u00f3zefa Oblubie\u0144ca Naj\u015bwi\u0119tszej Maryi Panny w\u00a0Po\u017carzysku (parafia Buk\u00f3w),<\/li>\r\n<li>ko\u015bci\u00f3\u0142 filialny pw. \u015bw. J\u00f3zefa Oblubie\u0144ca w Roztoczniku (parafia Gil\u00f3w),<\/li>\r\n<li>kaplica mszalna pw. \u015bw. J\u00f3zefa Oblubie\u0144ca Naj\u015bwi\u0119tszej Maryi Panny w\u00a0S\u0142aw\u0119cinie (parafia Topola),<\/li>\r\n<li>ko\u015bci\u00f3\u0142 parafialny pw. \u015bw. J\u00f3zefa Oblubie\u0144ca Naj\u015bwi\u0119tszej Maryi Panny w\u00a0Starych Bogaczowicach,<\/li>\r\n<li>kaplica mszalna w Domu Seniora pw. \u015bw. J\u00f3zefa Oblubie\u0144ca Naj\u015bwi\u0119tszej Maryi Panny w Tomicach (parafia Przerzeczyn \u2013 Zdr\u00f3j),<\/li>\r\n<li>kaplica cmentarna pw. \u015bw. J\u00f3zefa w Uciechowie (parafia Ja\u017awina),<\/li>\r\n<li>ko\u015bci\u00f3\u0142 parafialny pw. \u015bw. J\u00f3zefa w Wa\u0142brzychu \u2013 Sobi\u0119cinie,<\/li>\r\n<li>ko\u015bci\u00f3\u0142 parafialny pw. \u015bw. J\u00f3zefa Robotnika w Wa\u0142brzychu \u2013 Piaskowej G\u00f3rze,<\/li>\r\n<li>ko\u015bci\u00f3\u0142 parafialny pw. \u015bw. J\u00f3zefa Oblubie\u0144ca Naj\u015bwi\u0119tszej Maryi Panny w\u00a0Wierzchos\u0142awicach,<\/li>\r\n<li>ko\u015bci\u00f3\u0142 pomocniczy pw. \u015bw. J\u00f3zefa Oblubie\u0144ca w Z\u0105bkowicach \u015al\u0105skich.<\/li>\r\n<\/ul>\r\n<p style=\"text-align: justify;\">Ko\u015bcio\u0142y jubileuszowe, b\u0119d\u0105ce sanktuariami (sanktuarium \u015bw. J\u00f3zefa Oblubie\u0144ca Naj\u015bwi\u0119tszej Maryi Panny w \u015awidnicy, diecezjalne sanktuarium \u015bw. J\u00f3zefa Opiekuna Rodzin w Boles\u0142awowie), zgodnie z Wykazem Odpust\u00f3w [Nadanie 33] s\u0105 miejscem, za nawiedzenie kt\u00f3rego ka\u017cdy wierny raz w roku mo\u017ce uzyska\u0107 tak\u017ce odpust zupe\u0142ny w dniu przez siebie wybranym, odmawiaj\u0105c tam Modlitw\u0119 Pa\u0144sk\u0105 i Wyznanie wiary (czyli \u201eOjcze nasz\u201d i \u201eWierz\u0119\u201d).<\/p>\r\n<p style=\"text-align: justify;\">III. Ustanawiam dni 19 marca 2021 r. oraz 1 maja 2021 r. dniami uroczystego zawierzenia wszystkich parafii diecezji \u015bwidnickiej or\u0119downictwu \u015bw. J\u00f3zefa.<\/p>\r\n<p style=\"text-align: justify;\">IV. Ustanawiam 19. dzie\u0144 ka\u017cdego miesi\u0105ca od tegorocznej uroczysto\u015bci \u015bw. J\u00f3zefa Oblubie\u0144ca Naj\u015bwi\u0119tszej Maryi Panny (19 marca 2021 r.) do listopada br. jako dzie\u0144 po\u015bwi\u0119cony \u015bw. J\u00f3zefowi. W te dni nale\u017cy pos\u0142u\u017cy\u0107 si\u0119 przynajmniej jeden raz formularzem mszalnym z Mszy \u015bw. wotywnej o \u015bw. J\u00f3zefie, a tak\u017ce przygotowa\u0107 nabo\u017ce\u0144stwo ku jego czci. Prosz\u0119 te\u017c, aby temu towarzyszy\u0142a te\u017c stosowna katecheza doros\u0142ych.<\/p>\r\n<p style=\"text-align: justify;\">V. Zgodnie z Wykazem Odpust\u00f3w [Nadanie 7] ustanawiam w tym roku 3 dni: 19\u00a0marca 2021 r., 1 maja 2021 r. oraz 8 grudnia 2021 dniami, w kt\u00f3rych zebranym na celebracji pontyfikalnej udziel\u0119 b\u0142ogos\u0142awie\u0144stwa papieskiego z\u00a0odpustem zupe\u0142nym.<\/p>\r\n<p style=\"text-align: justify;\">VI. Wskazania duszpasterskie:<\/p>\r\n<ol style=\"text-align: justify;\">\r\n<li style=\"list-style-type: none;\">\r\n<ol>\r\n<li>ksi\u0119\u017cy oraz katechet\u00f3w prosz\u0119, aby w podejmowanych inicjatywach korzysta\u0107 z\u00a0przygotowanych przez Komisj\u0119 Duszpasterstwa propozycji duszpasterskich (\u201eRok \u015bw. J\u00f3zefa. Propozycje duszpasterskie do\u00a0wykorzystania w diecezjach i\u00a0parafiach\u201d),<\/li>\r\n<li>spowiednikom przypominam, \u017ce zgodnie z postanowieniem Ojca \u015awi\u0119tego wszyscy spowiednicy posiadaj\u0105 upowa\u017cnienie do zwolnienia z ekskomuniki \u201elatae sententiae\u201d, zaci\u0105gni\u0119tej za pope\u0142nione przest\u0119pstwo aborcji (kan.\u00a01398 KPK; zob. pkt. 12 Listu Apostolskiego papie\u017ca Franciszka \u201eMisericordia et\u00a0Misera\u201d z dnia 20 listopada 2016 r.),<\/li>\r\n<li>prosz\u0119 o propagowanie modlitw do \u015awi\u0119tego J\u00f3zefa, w tym modlitwy \u201ePozdrowienie J\u00f3zefowe\u201d, za kt\u00f3rej odmawianie Biskup \u015awidnicki w 2017 roku nada\u0142 \u0142ask\u0119 odpustu cz\u0105stkowego (z dnia 16 marca 2017 r. N. 94\/2017; tekst w\u00a0za\u0142\u0105czeniu).<\/li>\r\n<\/ol>\r\n<\/li>\r\n<\/ol>\r\n<p style=\"text-align: justify;\">Zach\u0119cam, aby Jubileuszowy Rok \u015awi\u0119tego J\u00f3zefa sta\u0142 si\u0119 czasem osobistej i\u00a0wsp\u00f3lnotowej modlitwy za Ko\u015bci\u00f3\u0142, za wszystkie parafie, rodziny oraz\u00a0wsp\u00f3lnoty diecezji \u015bwidnickiej.<\/p>\r\n<p style=\"text-align: justify;\">\u00a0<\/p>\r\n<p style=\"text-align: justify;\">\u2020 Marek Mendyk<\/p>\r\n<p style=\"text-align: justify;\">Biskup \u015awidnicki<\/p>\r\n<p style=\"text-align: justify;\">\u00a0<\/p>\r\n<p style=\"text-align: justify;\">\u00a0<\/p>\r\n<p style=\"text-align: justify;\">\u015awidnica, w \u015arod\u0119 Popielcow\u0105, 17 lutego 2021 roku<\/p>\r\n<hr \/>\r\n<p><a href=\"http:\/\/www.ordo.pallotyni.pl\/index.php\/naboestwa-i-modlitwy\/modlitwy-do-sw-jozefa\" target=\"_blank\" rel=\"noopener noreferrer\"><span style=\"color: #ff0000;\"><strong>Zbi\u00f3r modlitw do \u015bw. J\u00f3zefa<\/strong><\/span><\/a><\/p>\r\n<p>&nbsp;<\/p>\r\n<p style=\"text-align: justify;\"><span style=\"color: #ff0000;\"><strong>Litania do \u015bw. J\u00f3zefa<\/strong><\/span><\/p>\r\n<p style=\"text-align: justify;\">Kongregacja ds. Kultu Bo\u017cego i Dyscypliny Sakrament\u00f3w<br \/>Prot. N. 133\/21<\/p>\r\n<p style=\"text-align: justify;\"><strong>List do Przewodnicz\u0105cych Konferencji Episkopat\u00f3w na temat nowych wezwa\u0144 w Litanii do \u015aw. J\u00f3zefa<\/strong><\/p>\r\n<p style=\"text-align: justify;\">Z Watykanu, 1 maja 2021, \u015aw. J\u00f3zefa Rzemie\u015blnika<\/p>\r\n<p style=\"text-align: justify;\">Eminencjo \/ Ekscelencjo,<\/p>\r\n<p style=\"text-align: justify;\">w sto pi\u0119\u0107dziesi\u0105t\u0105 rocznic\u0119 og\u0142oszenia \u015bw. J\u00f3zefa jako Patrona Ko\u015bcio\u0142a powszechnego, Ojciec \u015awi\u0119ty og\u0142osi\u0142 List Apostolski <em>Patris corde<\/em>, kt\u00f3rego celem by\u0142o \u201ewzbudzenie wi\u0119kszej mi\u0142o\u015bci dla tego wielkiego \u015awi\u0119tego, aby\u015bmy byli zach\u0119ceni do modlitwy o jego wstawiennictwo i do na\u015bladowania jego cn\u00f3t i jego zaanga\u017cowania.\u201d<\/p>\r\n<p style=\"text-align: justify;\">W tym \u015bwietle wyda\u0142o si\u0119 s\u0142usznym, aby uaktualni\u0107 Litani\u0119 do \u015aw. J\u00f3zefa, zatwierdzon\u0105 w 1909 r. przez Stolic\u0119 Apostolsk\u0105 (por. Acta Apostolicae Sedis 1 [1909] 290-292), w\u0142\u0105czaj\u0105c do niej siedem wezwa\u0144 zaczerpni\u0119tych z wypowiedzi Papie\u017cy, kt\u00f3rzy rozwa\u017cali aspekty postaci Patrona Ko\u015bcio\u0142a powszechnego. S\u0105 one nast\u0119puj\u0105ce: \u00abCustos Redemptoris\u00bb (por. \u015bw. Jan Pawe\u0142 II, Adhortacja Apostolska <em>Redemptoris custos<\/em>); \u00abServe Christi\u00bb (por. \u015bw. Pawe\u0142 VI, homilia z 19.3.1966, cytowana w <em>Redemptoris custos<\/em> nr 8 i <em>Patris corde<\/em> nr 1); \u00abMinister salutis\u00bb (\u015bw. Jan Chryzostom, cytowany w <em>Redemptoris custos<\/em>, nr 8); \u00abFulcimen in diff\u00eccultatibus\u00bb (por. Franciszek, List Apostolski <em>Patris corde<\/em>, Wst\u0119p); \u00abPatrone exsulum, afflictorum, pauperum\u00bb (<em>Patris corde,<\/em> nr 5).<\/p>\r\n<p style=\"text-align: justify;\">Nowe wezwania zosta\u0142y przedstawione Ojcu \u015awi\u0119temu Franciszkowi, kt\u00f3ry zatwierdzi\u0142 ich w\u0142\u0105czenie do Litanii do \u015aw. J\u00f3zefa, zgodnie z tekstem za\u0142\u0105czonym do niniejszego Listu.<\/p>\r\n<p style=\"text-align: justify;\">Zadaniem Konferencji Episkopat\u00f3w b\u0119dzie zarz\u0105dzenie przek\u0142adu Litanii na j\u0119zyki narodowe podlegaj\u0105ce ich kompetencji oraz jego opublikowanie; przek\u0142ady te nie wymagaj\u0105 potwierdzenia Stolicy Apostolskiej. Zgodnie z roztropnym os\u0105dem Konferencje Episkopat\u00f3w b\u0119d\u0105 mog\u0142y r\u00f3wnie\u017c w\u0142\u0105czy\u0107 do Litanii inne wezwania, poprzez kt\u00f3re w ich krajach oddaje si\u0119 w spos\u00f3b szczeg\u00f3lny cze\u015b\u0107 \u015bw. J\u00f3zefowi, z zachowaniem rodzaju literackiego oraz we w\u0142a\u015bciwym miejscu.<\/p>\r\n<p style=\"text-align: justify;\">Przekazuj\u0105c z rado\u015bci\u0105 Waszej Eminencji \/ Ekscelencji to rozporz\u0105dzenie do wiadomo\u015bci i wprowadzenia w \u017cycie, przekazuj\u0119 wyrazy mojego uszanowania i oddania w Panu.<\/p>\r\n<p style=\"text-align: justify;\">+ Artur Roche<br \/><em>Arcybiskup Sekretarz<\/em><\/p>\r\n<p style=\"text-align: justify;\">Ks. Konrad Maggioni S.M.M.<br \/><em>Podsekretarz<\/em><\/p>\r\n<p style=\"text-align: justify;\">Za Biurem Prasowym Stolicy Apostolskiej publikujemy \u0142aci\u0144ski tekst Litanii z nowymi wezwaniami. Polskie t\u0142umaczenie zostanie opublikowane po zatwierdzeniu przez KEP.<\/p>\r\n<h5><b>LITANIAE IN HONOREM S. IOSEPH SPONSI B. MARIAE V.<\/b><\/h5>\r\n<div>Kyrie, el\u00e9ison.<\/div>\r\n<div>Christe, el\u00e9ison.<\/div>\r\n<div>Kyrie, el\u00e9ison.<\/div>\r\n<div>Christe, audi nos.<\/div>\r\n<div>Christe, ex\u00e1udi nos.<\/div>\r\n<div>Pater de c\u00e6lis, Deus, miser\u00e9re nobis<i>.<\/i><\/div>\r\n<div>Fili, Red\u00e9mptor mundi, Deus, miser\u00e9re nobis<i>.<\/i><\/div>\r\n<div>Sp\u00edritus sancte, Deus, miser\u00e9re nobis<i>.<\/i><\/div>\r\n<div>Sancta Tr\u00ednitas, unus Deus, miser\u00e9re nobis<i>.<\/i><\/div>\r\n<div>Sancta Mar\u00eda, ora pro nobis.<\/div>\r\n<div>Sancte Ioseph, ora pro nobis.<\/div>\r\n<div>Proles David \u00ednclyta, ora pro nobis.<\/div>\r\n<div>Lumen Patriarch\u00e1rum, ora pro nobis.<\/div>\r\n<div>Dei Genitr\u00edcis sponse, ora pro nobis.<\/div>\r\n<div>Custos Redempt\u00f3ris, ora pro nobis.<\/div>\r\n<div>Custos pud\u00edce V\u00edrginis, ora pro nobis.<\/div>\r\n<div>F\u00edlii Dei nutr\u00edtie, ora pro nobis.<\/div>\r\n<div>Christi def\u00e9nsor s\u00e9dule, ora pro nobis.<\/div>\r\n<div>Serve Christi, ora pro nobis.<\/div>\r\n<div>Min\u00edster sal\u00fatis, ora pro nobis.<\/div>\r\n<div>Alm\u00e6 Fam\u00edli\u00e6 pr\u00e6ses, ora pro nobis.<\/div>\r\n<div>Ioseph iust\u00edssime, ora pro nobis.<\/div>\r\n<div>Ioseph cast\u00edssime, ora pro nobis.<\/div>\r\n<div>Ioseph prudent\u00edssime, ora pro nobis.<\/div>\r\n<div>Ioseph fort\u00edssime, ora pro nobis.<\/div>\r\n<div>Ioseph obedient\u00edssime, ora pro nobis.<\/div>\r\n<div>Ioseph fidel\u00edssime, ora pro nobis.<\/div>\r\n<div>Sp\u00e9culum pati\u00e9nti\u00e6, ora pro nobis.<\/div>\r\n<div>Am\u00e1tor paupert\u00e1tis, ora pro nobis.<\/div>\r\n<div>Ex\u00e9mplar op\u00edficum, ora pro nobis.<\/div>\r\n<div>Dom\u00e9stic\u00e6 vit\u00e6 decus, ora pro nobis.<\/div>\r\n<div>Custos v\u00edrginum, ora pro nobis.<\/div>\r\n<div>Famili\u00e1rum c\u00f3lumen, ora pro nobis.<\/div>\r\n<div>F\u00falcimen in difficult\u00e1tibus, ora pro nobis.<\/div>\r\n<div>Sol\u00e1tium miser\u00f3rum, ora pro nobis.<\/div>\r\n<div>Spes \u00e6grot\u00e1ntium, ora pro nobis.<\/div>\r\n<div>Patr\u00f3ne<i> <\/i>\u00e9xsulum ora pro nobis.<\/div>\r\n<div>Patr\u00f3ne afflict\u00f3rum, ora pro nobis.<\/div>\r\n<div>Patr\u00f3ne p\u00e1uperum, ora pro nobis.<\/div>\r\n<div>Patr\u00f3ne mori\u00e9ntium, ora pro nobis.<\/div>\r\n<div>Terror d\u00e6m\u00f3num, ora pro nobis.<\/div>\r\n<div>Prot\u00e9ctor sanct\u00e6 Eccl\u00e9si\u00e6, ora pro nobis.<\/div>\r\n<div>Agnus Dei, qui tollis pecc\u00e1ta mundi, parce nobis, D\u00f3mine.<\/div>\r\n<div>Agnus Dei, qui tollis pecc\u00e1ta mundi, ex\u00e1udi nos, D\u00f3mine.<\/div>\r\n<div>Agnus Dei, qui tollis pecc\u00e1ta mundi, miser\u00e9re nobis.<\/div>\r\n<div>\u2123<i>.<\/i> Const\u00edtuit eum d\u00f3minum domus su\u00e6.<\/div>\r\n<div>\u211e<i>. <\/i>Et pr\u00edncipem omnis possessi\u00f3nis su\u00e6.<\/div>\r\n<p>Or\u00e9mus.<\/p>\r\n<p>Deus, qui ineff\u00e1bili provid\u00e9ntia be\u00e1tum Ioseph, sanct\u00edssim\u00e6 Genitr\u00edcis tu\u00e6 sponsum el\u00edgere dign\u00e1tus es, pr\u01fdsta, qu\u01fdsumus, ut, quem protect\u00f3rem vener\u00e1mur in terris, intercess\u00f3rem hab\u00e9re mere\u00e1mur in c\u00e6lis. Qui vivis et regnas in s\u01fdcula s\u00e6cul\u00f3rum. \u211e<i>. <\/i>Amen.<\/p>\r\n<p>&nbsp;<\/p>\r\n<p><i>Pro Supplicatione ad Deum in capite Litaniarum et Conclusione eligi possunt formulae A vel B pro Litaniis Sanctorum in Calendarium Romanum ex Decretum Sacrosancti Oecumenici Concilii Vaticanii II instauratum auctoritate Pauli PP. VI promulgatum, Typis Polyglottis, Vaticanis 1969, pp. 33 et 37 propositis.<\/i><\/p>\r\n<h5><strong>Tekst polski (bez nowych wezwa\u0144)<\/strong><\/h5>\r\n<p>\r\n\r\n<\/p>\r\n<blockquote>\r\n<p style=\"text-align: justify;\">Kyrie, elejson. Chryste, elejson. Kyrie, elejson.<\/p>\r\n\r\n\r\n\r\n<p style=\"text-align: justify;\">Chryste, us\u0142ysz nas. Chryste, wys\u0142uchaj nas.<\/p>\r\n<p>\r\n\r\n<\/p>\r\n<p style=\"text-align: justify;\">Ojcze z nieba, Bo\u017ce, zmi\u0142uj si\u0119 nad nami.<\/p>\r\n<p>\r\n\r\n<\/p>\r\n<p style=\"text-align: justify;\">Synu, Odkupicielu \u015bwiata, Bo\u017ce, zmi\u0142uj si\u0119 nad nami.<\/p>\r\n<p>\r\n\r\n<\/p>\r\n<p style=\"text-align: justify;\">Duchu \u015awi\u0119ty, Bo\u017ce, zmi\u0142uj si\u0119 nad nami.<\/p>\r\n<p>\r\n\r\n<\/p>\r\n<p style=\"text-align: justify;\">\u015awi\u0119ta Tr\u00f3jco, Jedyny Bo\u017ce, zmi\u0142uj si\u0119 nad nami.<\/p>\r\n<p>\r\n\r\n<\/p>\r\n<p style=\"text-align: justify;\">\u015awi\u0119ta Maryjo, m\u00f3dl si\u0119 za nami.<\/p>\r\n<p>\r\n\r\n<\/p>\r\n<p style=\"text-align: justify;\">\u015awi\u0119ty J\u00f3zefie, m\u00f3dl si\u0119 za nami.<\/p>\r\n<p>\r\n\r\n<\/p>\r\n<p style=\"text-align: justify;\">Przes\u0142awny potomku Dawida, m\u00f3dl si\u0119 za nami.<\/p>\r\n<p>\r\n\r\n<\/p>\r\n<p style=\"text-align: justify;\">\u015awiat\u0142o Patriarch\u00f3w, m\u00f3dl si\u0119 za nami.<\/p>\r\n<p>\r\n\r\n<\/p>\r\n<p style=\"text-align: justify;\">Oblubie\u0144cze Bogarodzicy, m\u00f3dl si\u0119 za nami.<\/p>\r\n<p>\r\n\r\n<\/p>\r\n<p style=\"text-align: justify;\">Przeczysty str\u00f3\u017cu Dziewicy, m\u00f3dl si\u0119 za nami.<\/p>\r\n<p>\r\n\r\n<\/p>\r\n<p style=\"text-align: justify;\">\u017bywicielu Syna Bo\u017cego, m\u00f3dl si\u0119 za nami.<\/p>\r\n<p>\r\n\r\n<\/p>\r\n<p style=\"text-align: justify;\">Troskliwy obro\u0144co Chrystusa, m\u00f3dl si\u0119 za nami.<\/p>\r\n<p>\r\n\r\n<\/p>\r\n<p style=\"text-align: justify;\">G\u0142owo Naj\u015bwi\u0119tszej Rodziny, m\u00f3dl si\u0119 za nami.<\/p>\r\n<p>\r\n\r\n<\/p>\r\n<p style=\"text-align: justify;\">J\u00f3zefie najsprawiedliwszy, m\u00f3dl si\u0119 za nami.<\/p>\r\n<p>\r\n\r\n<\/p>\r\n<p style=\"text-align: justify;\">J\u00f3zefie najczystszy, m\u00f3dl si\u0119 za nami.<\/p>\r\n<p>\r\n\r\n<\/p>\r\n<p style=\"text-align: justify;\">J\u00f3zefie najroztropniejszy, m\u00f3dl si\u0119 za nami.<\/p>\r\n<p>\r\n\r\n<\/p>\r\n<p style=\"text-align: justify;\">J\u00f3zefie najm\u0119\u017cniejszy, m\u00f3dl si\u0119 za nami.<\/p>\r\n<p>\r\n\r\n<\/p>\r\n<p style=\"text-align: justify;\">J\u00f3zefie najpos\u0142uszniejszy, m\u00f3dl si\u0119 za nami.<\/p>\r\n<p>\r\n\r\n<\/p>\r\n<p style=\"text-align: justify;\">J\u00f3zefie najwierniejszy, m\u00f3dl si\u0119 za nami.<\/p>\r\n<p>\r\n\r\n<\/p>\r\n<p style=\"text-align: justify;\">Zwierciad\u0142o cierpliwo\u015bci, m\u00f3dl si\u0119 za nami.<\/p>\r\n<p>\r\n\r\n<\/p>\r\n<p style=\"text-align: justify;\">Mi\u0142o\u015bniku ub\u00f3stwa, m\u00f3dl si\u0119 za nami.<\/p>\r\n<p>\r\n\r\n<\/p>\r\n<p style=\"text-align: justify;\">Wzorze pracuj\u0105cych, m\u00f3dl si\u0119 za nami.<\/p>\r\n<p>\r\n\r\n<\/p>\r\n<p style=\"text-align: justify;\">Ozdobo \u017cycia rodzinnego, m\u00f3dl si\u0119 za nami.<\/p>\r\n<p>\r\n\r\n<\/p>\r\n<p style=\"text-align: justify;\">Opiekunie dziewic, m\u00f3dl si\u0119 za nami.<\/p>\r\n<p>\r\n\r\n<\/p>\r\n<p style=\"text-align: justify;\">Podporo rodzin, m\u00f3dl si\u0119 za nami.<\/p>\r\n<p>\r\n\r\n<\/p>\r\n<p style=\"text-align: justify;\">Pociecho nieszcz\u0119\u015bliwych, m\u00f3dl si\u0119 za nami.<\/p>\r\n<p>\r\n\r\n<\/p>\r\n<p style=\"text-align: justify;\">Nadziejo chorych, m\u00f3dl si\u0119 za nami.<\/p>\r\n<p>\r\n\r\n<\/p>\r\n<p style=\"text-align: justify;\">Patronie umieraj\u0105cych, m\u00f3dl si\u0119 za nami.<\/p>\r\n<p>\r\n\r\n<\/p>\r\n<p style=\"text-align: justify;\">Postrachu duch\u00f3w piekielnych, m\u00f3dl si\u0119 za nami.<\/p>\r\n<p>\r\n\r\n<\/p>\r\n<p style=\"text-align: justify;\">Opiekunie Ko\u015bcio\u0142a \u015bwi\u0119tego, m\u00f3dl si\u0119 za nami.<\/p>\r\n<p>\r\n\r\n<\/p>\r\n<p style=\"text-align: justify;\">Baranku Bo\u017cy, kt\u00f3ry g\u0142adzisz grzechy \u015bwiata, przepu\u015b\u0107 nam, Panie.<\/p>\r\n<p>\r\n\r\n<\/p>\r\n<p style=\"text-align: justify;\">Baranku Bo\u017cy, kt\u00f3ry g\u0142adzisz grzechy \u015bwiata, wys\u0142uchaj nas, Panie.<\/p>\r\n<p>\r\n\r\n<\/p>\r\n<p style=\"text-align: justify;\">Baranku Bo\u017cy, kt\u00f3ry g\u0142adzisz grzechy \u015bwiata, zmi\u0142uj si\u0119 nad nami.<\/p>\r\n<p>\r\n\r\n<\/p>\r\n<p style=\"text-align: justify;\"><strong>K.<\/strong> Ustanowi\u0142 go panem domu swego.<\/p>\r\n<p>\r\n\r\n<\/p>\r\n<p style=\"text-align: justify;\"><strong>W.<\/strong> I zarz\u0105dc\u0105 wszystkich posiad\u0142o\u015bci swoich.<\/p>\r\n<p>\r\n\r\n<\/p>\r\n<p style=\"text-align: justify;\"><strong>M\u00f3dlmy si\u0119.<\/strong> Bo\u017ce, Ty w niewys\u0142owionej Opatrzno\u015bci wybra\u0142e\u015b \u015bwi\u0119tego J\u00f3zefa na Oblubie\u0144ca Naj\u015bwi\u0119tszej Rodzicielki Twojego Syna, spraw, aby\u015bmy oddaj\u0105c mu na ziemi cze\u015b\u0107 jako opiekunowi, zas\u0142u\u017cyli na jego or\u0119downictwo w niebie. Przez Chrystusa, Pana naszego. Amen.<\/p>\r\n<\/blockquote>\r\n<p>\r\n\r\n<\/p>\r\n<p style=\"text-align: justify;\"><span style=\"color: #ff0000;\"><strong>Pozdrowienie J\u00f3zefowe<\/strong><\/span><\/p>\r\n<p>\r\n\r\n<\/p>\r\n<p style=\"text-align: justify;\">(odpust cz\u0105stkowy dekretem Biskupa \u015awidnickiego Ignacego Deca z 19.03.2017 r.)<\/p>\r\n<p>\r\n\r\n<\/p>\r\n<p style=\"text-align: justify;\"><strong>K.<\/strong> Anio\u0142 Pa\u0144ski ukaza\u0142 si\u0119 we \u015bnie J\u00f3zefowi<\/p>\r\n<p>\r\n\r\n<\/p>\r\n<p style=\"text-align: justify;\"><strong>W.<\/strong> Aby nie oddala\u0142 Maryi<\/p>\r\n<p>\r\n\r\n<\/p>\r\n<p style=\"text-align: justify;\">B\u0105d\u017a pozdrowiony J\u00f3zefie, bogaty w \u0142ask\u0119, pan z Tob\u0105. B\u0142ogos\u0142awiony jeste\u015b mi\u0119dzy m\u0119\u017cami i b\u0142ogos\u0142awiony owoc \u017cywota Maryi dziewicy Jezus. \u015awi\u0119ty J\u00f3zefie, Ojcze, \u017cywicielu Syna Bo\u017cego, m\u00f3dl si\u0119 za nami grzesznymi, teraz i w godzin\u0119 \u015bmierci naszej. Amen.<\/p>\r\n<p>\r\n\r\n<\/p>\r\n<p style=\"text-align: justify;\"><strong>K.<\/strong> J\u00f3zefie, synu Dawida, Nie b\u00f3j si\u0119 wzi\u0105\u0107 do siebie Maryi twej ma\u0142\u017conki.<\/p>\r\n<p>\r\n\r\n<\/p>\r\n<p style=\"text-align: justify;\"><strong>W.<\/strong> Albowiem z Ducha \u015awi\u0119tego jest to, co si\u0119 w niej pocz\u0119\u0142o.<\/p>\r\n<p>\r\n\r\n<\/p>\r\n<p style=\"text-align: justify;\">B\u0105d\u017a pozdrowiony J\u00f3zefie bogaty w \u0142ask\u0119\u2026<\/p>\r\n<p>\r\n\r\n<\/p>\r\n<p style=\"text-align: justify;\"><strong>K.<\/strong> Porodzi syna, kt\u00f3remu nadasz imi\u0119 Jezus.<\/p>\r\n<p>\r\n\r\n<\/p>\r\n<p style=\"text-align: justify;\"><strong>W.<\/strong> On bowiem zbawi sw\u00f3j lud od jego grzech\u00f3w.<\/p>\r\n<p>\r\n\r\n<\/p>\r\n<p style=\"text-align: justify;\">B\u0105d\u017a pozdrowiony J\u00f3zefie bogaty w \u0142ask\u0119\u2026<\/p>\r\n<p>\r\n\r\n<\/p>\r\n<p style=\"text-align: justify;\"><strong>K.<\/strong> M\u00f3dl si\u0119 za nami, chwalebny Patriarcho \u015awi\u0119ty J\u00f3zefie.<\/p>\r\n<p>\r\n\r\n<\/p>\r\n<p style=\"text-align: justify;\"><strong>W.<\/strong> Aby\u015bmy si\u0119 stali godni obietnic Chrystusowych.<\/p>\r\n<p>\r\n\r\n<\/p>\r\n<p style=\"text-align: justify;\"><strong>M\u00f3dlmy si\u0119.<\/strong> Panie Jezu, wsparci opiek\u0105 Oblubie\u0144ca Naj\u015bwi\u0119tszej Rodzicielki twojej; prosimy \u0142askawo\u015b\u0107 Twoj\u0105; aby nasze serca od rzuca\u0142y wszystko, co ziemskie, a mi\u0142owa\u0142y Ciebie, prawdziwego Boga, doskona\u0142\u0105 mi\u0142o\u015bci\u0105: Kt\u00f3ry \u017cyjesz i kr\u00f3lujesz na wieki wiek\u00f3w. Amen.<\/p>\r\n<p>\r\n\r\n<\/p>\r\n<p style=\"text-align: justify;\"><span style=\"color: #ff0000;\">Chwa\u0142a Ojcu (3 razy)<\/span><\/p>\r\n<p>\r\n\r\n<\/p>\r\n<p style=\"text-align: justify;\">Wszyscy, kt\u00f3rzy teraz umieraj\u0105, Przez wstawiennictwo \u015awi\u0119tego J\u00f3zefa, niech umieraj\u0105 w Panu i posi\u0105d\u0105 \u017cywot wieczny. Amen. Niech \u015bwi\u0119ty J\u00f3zef, kt\u00f3rego opieki przyzywamy, wstawia si\u0119 za nami u Pana. Amen.<\/p>\r\n<p>\r\n\r\n<\/p>\r\n<p style=\"text-align: justify;\"><strong><span style=\"color: #ff0000;\">Modlitwa Papie\u017ca Leona XIII do \u015bw. J\u00f3zefa<\/span> <\/strong><\/p>\r\n<p>\r\n\r\n<\/p>\r\n<p style=\"text-align: justify;\">Do Ciebie, \u015bw. J\u00f3zefie, uciekamy si\u0119 w naszej niedoli. Wezwawszy pomocy Twej Naj\u015bwi\u0119tszej Oblubienicy, z ufno\u015bci\u0105 r\u00f3wnie\u017c b\u0142agamy o Twoj\u0105 opiek\u0119. Przez mi\u0142o\u015b\u0107, kt\u00f3ra Ci\u0119 \u0142\u0105czy\u0142a z Niepokalan\u0105 Dziewic\u0105 Bogarodzic\u0105, i przez ojcowsk\u0105 Tw\u0105 troskliwo\u015b\u0107, kt\u00f3r\u0105 otacza\u0142e\u015b Dzieci\u0119 Jezus, pokornie b\u0142agamy: wejrzyj \u0142askawie na dziedzictwo, kt\u00f3re Jezus Chrystus naby\u0142 Krwi\u0105 swoj\u0105 i swoim pot\u0119\u017cnym wstawiennictwem i dopom\u00f3\u017c nam w potrzebach naszych. Opatrzno\u015bciowy Str\u00f3\u017cu Bo\u017cej Rodziny, czuwaj nad wybranym potomstwem Jezusa Chrystusa. Oddal od nas, ukochany Ojcze, wszelk\u0105 zaraz\u0119 b\u0142\u0119du i zepsucia. Pot\u0119\u017cny Wybawco nasz, przyb\u0105d\u017a nam \u0142askawie z niebia\u0144sk\u0105 pomoc\u0105 w tej walce z mocami ciemno\u015bci, a jak niegdy\u015b uratowa\u0142e\u015b Dzieci\u0119 Jezus z niebezpiecze\u0144stwa, kt\u00f3re grozi\u0142o Jego \u017cyciu, tak teraz bro\u0144 \u015bwi\u0119tego Ko\u015bcio\u0142a Bo\u017cego od wrogich zasadzek i od wszelkiej przeciwno\u015bci. Otaczaj ka\u017cdego z nas nieustann\u0105 opiek\u0105, aby\u015bmy za Twoim przyk\u0142adem i Twoj\u0105 pomoc\u0105 wsparci &#8211; mogli \u017cy\u0107 \u015bwi\u0105tobliwie, umrze\u0107 pobo\u017cnie i osi\u0105gn\u0105\u0107 wieczn\u0105 szcz\u0119\u015bliwo\u015b\u0107 w niebie. Amen.<\/p>\r\n<p>\r\n\r\n<\/p>\r\n<p style=\"text-align: justify;\"><span style=\"color: #ff0000;\"><strong>Modlitwa Papie\u017ca Jana XXIII do \u015bw. J\u00f3zefa<\/strong><\/span><\/p>\r\n<p>\r\n\r\n<\/p>\r\n<p style=\"text-align: justify;\">O \u015bwi\u0119ty J\u00f3zefie, str\u00f3\u017cu Jezusa, ma\u0142\u017conku przeczystej Maryi kt\u00f3ry przeszed\u0142e\u015b przez \u017cycie doskonale spe\u0142niaj\u0105c sw\u00f3j obowi\u0105zek, utrzymuj\u0105c prac\u0105 r\u0105k \u015awi\u0119t\u0105 Rodzin\u0119 z Nazaretu,<br \/>wspieraj przychylnie tych, kt\u00f3rzy &#8211; ufni &#8211; do Ciebie si\u0119 zwracaj\u0105! Ty znasz ich d\u0105\u017cenia, ich braki, ich nadzieje, oni do Ciebie si\u0119 uciekaj\u0105, poniewa\u017c wiedz\u0105, \u017ce w Tobie znajd\u0105 tego, kto ich zrozumie i obroni. R\u00f3wnie\u017c i Ty zaznawa\u0142e\u015b przeciwno\u015bci, trudu, zm\u0119czenia; ale w\u0142a\u015bnie przez te starania o zapewnienie bytu materialnego, Tw\u00f3j duch osi\u0105gn\u0105\u0142 najg\u0142\u0119bszy pok\u00f3j,<br \/>cieszy\u0142 si\u0119 niewypowiedzian\u0105 rado\u015bci\u0105 z obcowania z Synem Bo\u017cym i z Maryj\u0105, Jego najmilsz\u0105 Matk\u0105, Tobie powierzonymi. Niech zrozumiej\u0105 ci, kt\u00f3rych otaczasz swoj\u0105 opiek\u0105,<br \/>\u017ce nie s\u0105 samotni w swej pracy, niech umiej\u0105 odkrywa\u0107 obok siebie Jezusa, przyjmowa\u0107 Go z wdzi\u0119czno\u015bci\u0105 i strzec Go wiernie, tak jak ty to czyni\u0142e\u015b. I wyjednaj, by w ka\u017cdej rodzinie, w ka\u017cdej fabryce, w ka\u017cdym warsztacie, gdzie pracuje chrze\u015bcijanin, wszystko by\u0142o u\u015bwi\u0119cone mi\u0142o\u015bci\u0105, cierpliwo\u015bci\u0105, sprawiedliwo\u015bci\u0105, trosk\u0105 o dobro, a\u017ceby \u0142aski niebios sp\u0142ywa\u0142y obficie.<br \/>Amen.<\/p>\r\n<p>\r\n\r\n<\/p>\r\n<p style=\"text-align: justify;\"><span style=\"color: #ff0000;\"><strong>Modlitwa Papie\u017ca Paw\u0142a VI do \u015bw. J\u00f3zefa Robotnika<\/strong><\/span><\/p>\r\n<p>\r\n\r\n<\/p>\r\n<p style=\"text-align: justify;\">\u015awi\u0119ty J\u00f3zefie, patronie Ko\u015bcio\u0142a, Ty, kt\u00f3ry u boku S\u0142owa Wcielonego trudzi\u0142e\u015b si\u0119 ka\u017cdego dnia, aby zapracowa\u0107 na chleb; Ty, kt\u00f3ry zazna\u0142e\u015b niepokoju o jutro, goryczy ub\u00f3stwa,<br \/>tymczasowo\u015bci pracy; Ty, kt\u00f3ry promieniujesz dzisiaj, w dniu Twego \u015bwi\u0119ta liturgicznego,<br \/>przyk\u0142adem Twej postaci skromnej przed lud\u017ami, ale wielkiej przed Bogiem \u2012 sp\u00f3jrz na ogromn\u0105 rodzin\u0119, kt\u00f3ra zosta\u0142a Ci powierzona. B\u0142ogos\u0142aw Ko\u015bcio\u0142owi, przynaglaj\u0105c go coraz bardziej do pod\u0105\u017cania drog\u0105 ewangelicznej wierno\u015bci, wspomagaj robotnik\u00f3w w ich twardym bycie codziennym, broni\u0105c ich od zniech\u0119cenia, od buntu destruktywnego, jak r\u00f3wnie\u017c od pokus hedonizmu, m\u00f3dl si\u0119 za ubogimi, kt\u00f3rzy kontynuuj\u0105 ub\u00f3stwo Chrystusa na ziemi, wzbudzaj dla nich ci\u0105g\u0142\u0105 hojno\u015b\u0107 w ich braciach bogatych, strze\u017c pokoju na \u015bwiecie, tego pokoju, kt\u00f3ry jedynie mo\u017ce gwarantowa\u0107 rozw\u00f3j narod\u00f3w, w pe\u0142nym urzeczywistnieniu ludzkich nadziei dla dobra ludzko\u015bci, dla misji Ko\u015bcio\u0142a, dla chwa\u0142y Tr\u00f3jcy Przenaj\u015bwi\u0119tszej.<br \/>Amen.<\/p>\r\n<p>\r\n\r\n<\/p>\r\n<p style=\"text-align: justify;\"><span style=\"color: #ff0000;\"><strong>Modlitwa do \u015bw. J\u00f3zefa, Patrona Ko\u015bcio\u0142a katolickiego<\/strong><\/span><\/p>\r\n<p>\r\n\r\n<\/p>\r\n<p style=\"text-align: justify;\">O najpot\u0119\u017cniejszy Patriarcho, \u015bwi\u0119ty J\u00f3zefie, patronie Ko\u015bcio\u0142a katolickiego, kt\u00f3ry zawsze wzywa\u0142 Twej pomocy we wszystkich uciskach i utrapieniach, zwr\u00f3\u0107 swe mi\u0142osierne oczy z tronu Twej chwa\u0142y na \u015bwiat katolicki. Niech Twe ojcowskie serce wzruszy si\u0119 na widok Ko\u015bcio\u0142a \u2013 duchowej Oblubienicy Chrystusa i Jego Namiestnika, prze\u015bladowanych przez nieprzyjaci\u00f3\u0142. Przez bolesne utrapienia, jakich do\u015bwiadczy\u0142e\u015b na ziemi, pociesz naszego Papie\u017ca, ochraniaj go i przyczy\u0144 si\u0119 za nim u Dawcy pokoju i mi\u0142o\u015bci, aby po oddaleniu wszelkich do\u015bwiadcze\u0144 i po przezwyci\u0119\u017ceniu wszystkich b\u0142\u0119d\u00f3w ca\u0142y Ko\u015bci\u00f3\u0142 m\u00f3g\u0142 s\u0142u\u017cy\u0107 Najwy\u017cszemu Bogu w pe\u0142nej wolno\u015bci. Amen.<\/p>\r\n<p>\r\n\r\n<\/p>\r\n<p style=\"text-align: justify;\"><span style=\"color: #ff0000;\"><strong>Modlitwa do \u015bw. J\u00f3zefa o dobrego ducha pracy<\/strong><\/span><\/p>\r\n<p>\r\n\r\n<\/p>\r\n<p style=\"text-align: justify;\">Chwalebny J\u00f3zefie \u015bwi\u0119ty, wzorze wszystkich pracuj\u0105cych, upro\u015b mi \u0142ask\u0119:<br \/>&#8211; abym pracowa\u0142(a) w duchu pokuty, w celu zado\u015b\u0107uczynienia za me liczne grzechy;<br \/>&#8211; abym pracowa\u0142(a) sumiennie raczej z poczucia obowi\u0105zku, ni\u017c dla swojego upodobania;<br \/>&#8211; abym pracowa\u0142(a) z weselem i wdzi\u0119czno\u015bci\u0105 dla Boga,<br \/>upatruj\u0105c sw\u0105 chlub\u0119 w \u017cyciu i rozwijaniu przez prac\u0119 dar\u00f3w, odebranych od Boga;<br \/>-abym pracowa\u0142a(a) spokojnie i cierpliwie,<br \/>nie cofaj\u0105c si\u0119 przed znu\u017ceniem lub trudno\u015bciami;<br \/>&#8211; abym pracowa\u0142(a) przede wszystkim w czystej intencji i z zapomnieniem o sobie,<br \/>maj\u0105c nieustannie przed oczyma \u015bmier\u0107 i rachunek, kt\u00f3ry musz\u0119 z\u0142o\u017cy\u0107 za czas stracony ze zmarnowanych talent\u00f3w, z opuszczenia dobrego, z pr\u00f3\u017cnej dumy w powodzeniu, tak szkodliwej w dzie\u0142ach Bo\u017cych.<\/p>\r\n<p>\r\n\r\n<\/p>\r\n<p style=\"text-align: justify;\">Wszystko dla Jezusa, wszystko przez Maryj\u0119, wszystko na Tw\u00f3j wz\u00f3r, o \u015bwi\u0119ty Patriarcho J\u00f3zefie! To b\u0119dzie moim has\u0142em w \u017cyciu i przy zgonie. Amen.<\/p>\r\n<p>\r\n\r\n<\/p>\r\n<p style=\"text-align: justify;\"><br \/><span style=\"color: #ff0000;\"><strong>Akty strzeliste, czyli kr\u00f3tkie modlitwy b\u0142agalne do \u015bw. J\u00f3zefa<\/strong><\/span><\/p>\r\n<p>\r\n\r\n<\/p>\r\n<p style=\"text-align: justify;\">\u015awi\u0119ty J\u00f3zefie, mi\u0142o\u015bniku Jezusa i Maryi, upro\u015b nam gor\u0105c\u0105 mi\u0142o\u015b\u0107 ku nim.<\/p>\r\n<p>\r\n\r\n<\/p>\r\n<p style=\"text-align: justify;\">\u015awi\u0119ty J\u00f3zefie, w\u015br\u00f3d pracy zatopiony w Bogu, naucz mnie \u0142\u0105czy\u0107 \u017cycie czynne z g\u0142\u0119bokim \u017cyciem modlitwy.<\/p>\r\n<p>\r\n\r\n<\/p>\r\n<p style=\"text-align: justify;\">\u015awi\u0119ty J\u00f3zefie, przeczysty opiekunie Jezusa i Maryi Niepokalanej, strze\u017c mojej czysto\u015bci.<\/p>\r\n<p>\r\n\r\n<\/p>\r\n<p style=\"text-align: justify;\">\u015awi\u0119ty J\u00f3zefie, M\u0119\u017cu sprawiedliwy, ratuj stoj\u0105cych nad przepa\u015bci\u0105 z\u0142a.<\/p>\r\n<p>\r\n\r\n<\/p>\r\n<p style=\"text-align: justify;\">\u015awi\u0119ty J\u00f3zefie, patronie wahaj\u0105cych si\u0119 w wyborze, skieruj ich na w\u0142a\u015bciw\u0105 drog\u0119.<\/p>\r\n<p>\r\n\r\n<\/p>\r\n<p style=\"text-align: justify;\">\u015awi\u0119ty J\u00f3zefie, wiernie oddany Jezusowi i Maryi, o\u015bwiecaj powo\u0142anych do s\u0142u\u017cby Chrystusowi.<\/p>\r\n<p>\r\n\r\n<\/p>\r\n<p style=\"text-align: justify;\">\u015awi\u0119ty J\u00f3zefie, kr\u00f3luj\u0105cy w niebie, przyczy\u0144 si\u0119 w naszej potrzebie.<\/p>\r\n<p>\r\n\r\n<\/p>\r\n<p style=\"text-align: justify;\">\u015awi\u0119ty J\u00f3zefie, daj nam prowadzi\u0107 niewinne \u017cycie i niech pod Twoj\u0105 opiek\u0105 b\u0119dziemy zawsze bezpieczni.<\/p>\r\n<p>\r\n\r\n<\/p>\r\n<p style=\"text-align: justify;\">\u015awi\u0119ty J\u00f3zefie, \u017bywicielu Syna Bo\u017cego, wspomagaj nas w naszych potrzebach.<\/p>\r\n<p>\r\n\r\n<\/p>\r\n<p style=\"text-align: justify;\">\u015awi\u0119ty J\u00f3zefie, kt\u00f3ry\u015b zako\u0144czy\u0142 \u017cycie w obecno\u015bci Jezusa i Maryi, upro\u015b mi \u0142ask\u0119 szcz\u0119\u015bliwej \u015bmierci.<\/p>\r\n<p>\r\n\r\n<\/p>","protected":false},"excerpt":{"rendered":"<p>\u00a0 \u015awi\u0119ty J\u00f3zef Opiekun Zbawiciela Oblubieniec Naj\u015bwi\u0119tszej Maryi Panny Patron Ko\u015bcio\u0142a powszechnego &nbsp; Obchody liturgiczne: 19 marca \u2013 S. Ioseph Sponsi Beatae Mariae Virginis Confessoris (1 kl.) 1 maja \u2013 S. Ioseph Opificis (1 kl.) Rok \u015bw. J\u00f3zefa (8 XII 2020-8 XII 2021) &#8211; List apostolski i odpusty og\u0142oszone przez Penitencjari\u0119 Apostolsk\u0105 Z okazji przypadaj\u0105cej [&hellip;]<\/p>\n","protected":false},"author":1,"featured_media":112,"parent":0,"menu_order":0,"comment_status":"closed","ping_status":"closed","template":"","meta":{"footnotes":""},"class_list":["post-45","page","type-page","status-publish","has-post-thumbnail","hentry"],"_links":{"self":[{"href":"http:\/\/www.tradycja-swidnica.org.pl\/index.php\/wp-json\/wp\/v2\/pages\/45","targetHints":{"allow":["GET"]}}],"collection":[{"href":"http:\/\/www.tradycja-swidnica.org.pl\/index.php\/wp-json\/wp\/v2\/pages"}],"about":[{"href":"http:\/\/www.tradycja-swidnica.org.pl\/index.php\/wp-json\/wp\/v2\/types\/page"}],"author":[{"embeddable":true,"href":"http:\/\/www.tradycja-swidnica.org.pl\/index.php\/wp-json\/wp\/v2\/users\/1"}],"replies":[{"embeddable":true,"href":"http:\/\/www.tradycja-swidnica.org.pl\/index.php\/wp-json\/wp\/v2\/comments?post=45"}],"version-history":[{"count":2,"href":"http:\/\/www.tradycja-swidnica.org.pl\/index.php\/wp-json\/wp\/v2\/pages\/45\/revisions"}],"predecessor-version":[{"id":113,"href":"http:\/\/www.tradycja-swidnica.org.pl\/index.php\/wp-json\/wp\/v2\/pages\/45\/revisions\/113"}],"wp:featuredmedia":[{"embeddable":true,"href":"http:\/\/www.tradycja-swidnica.org.pl\/index.php\/wp-json\/wp\/v2\/media\/112"}],"wp:attachment":[{"href":"http:\/\/www.tradycja-swidnica.org.pl\/index.php\/wp-json\/wp\/v2\/media?parent=45"}],"curies":[{"name":"wp","href":"https:\/\/api.w.org\/{rel}","templated":true}]}}