{"id":33,"date":"2021-07-01T09:31:33","date_gmt":"2021-07-01T09:31:33","guid":{"rendered":"http:\/\/www.tradycja-swidnica.org.pl\/?page_id=33"},"modified":"2021-07-01T18:28:03","modified_gmt":"2021-07-01T18:28:03","slug":"program-duszpasterski","status":"publish","type":"page","link":"http:\/\/www.tradycja-swidnica.org.pl\/index.php\/program-duszpasterski\/","title":{"rendered":"Program duszpasterski"},"content":{"rendered":"\r\n<p><strong>PROGRAM DUSZPASTERSKI KO\u015aCIO\u0141A KATOLICKIEGO W POLSCE<\/strong><\/p>\r\n\r\n\r\n\r\n<p>W pierwsz\u0105 niedziel\u0119 Adwentu rozpocz\u0119\u0142a si\u0119 realizacja nowego programu duszpasterskiego pod has\u0142em<strong> \u201eEucharystia daje \u017cycie\u201d<\/strong>. Program rozpisano na trzy lata (2019\u20132022). Has\u0142a poszczeg\u00f3lnych lat jego realizacji s\u0105 nast\u0119puj\u0105ce:<\/p>\r\n\r\n\r\n\r\n<p><strong>Rok I<\/strong><br \/>(2019\/2020)<br \/>Temat: <strong>Wielka tajemnica wiary<\/strong><br \/>Motto biblijne: <em>\u201e[\u2026] aby\u015bcie uwierzyli w Tego, kt\u00f3rego [B\u00f3g] pos\u0142a\u0142\u201d (J 6, 29)<\/em><\/p>\r\n\r\n\r\n\r\n<p><strong>Rok II<\/strong><br \/>(2020\/2021)<br \/>Temat: <strong>Zgromadzeni na \u015bwi\u0119tej wieczerzy<\/strong><br \/>Motto biblijne: <em>\u201e[&#8230;] Ojciec m\u00f3j da wam prawdziwy chleb z nieba\u201d (J 6, 32)<\/em><\/p>\r\n\r\n\r\n\r\n<p><strong>Rok III<\/strong><br \/>(2021\/2022)<br \/>Temat: <strong>Pos\u0142ani w pokoju Chrystusa<\/strong><br \/>Motto biblijne: <em>\u201eten, kto Mnie spo\u017cywa, b\u0119dzie \u017cy\u0142 przeze Mnie\u201d (J 6, 57)<\/em><\/p>\r\n\r\n\r\n\r\n<p><strong>G\u0142\u00f3wny cel programu duszpasterskiego<\/strong><br \/>Program duszpasterski podejmuj\u0119 pr\u00f3ba tematycznego uj\u0119cia<strong> Eucharystii jako tajemnicy wyznawanej, celebrowanej i \u015bwi\u0119towanej<\/strong> (por. Benedykt XVI, adhortacja apostolska <em>Sacramentum caritatis<\/em> [SC]). Stanowi kontynuacj\u0119 teologiczno-praktycznej refleksji nad sakramentami wtajemniczenia chrze\u015bcija\u0144skiego, ale nade wszystko <strong>zmierza do pog\u0142\u0119bienia \u015bwiadomo\u015bci tego, czym jest \u201e\u015bwi\u0119ta i\u00a0Boska liturgia\u201d<\/strong> (KKK 1330). <strong>Celem takiego dzia\u0142ania<\/strong> jest budzenie w parafiach przede wszystkim eucharystycznej \u017carliwo\u015bci w\u015br\u00f3d duszpasterzy i wiernych \u015bwieckich, aby istotowa wi\u0119\u017a pomi\u0119dzy tajemnic\u0105 eucharystyczn\u0105, akcj\u0105 liturgiczn\u0105 i zaanga\u017cowaniem na rzecz drugiego, wynikaj\u0105cym z prze\u017cywania Eucharystii jako sakramentu mi\u0142o\u015bci, sta\u0142a si\u0119 im bli\u017csza (por. SC 5).<br \/>Chc\u0105c zachowa\u0107 wierno\u015b\u0107 duchowi adhortacji apostolskiej <em>Sacramentum caritatis<\/em>, w dzia\u0142aniach duszpasterskich powinni\u015bmy uwzgl\u0119dni\u0107 m.in. <strong>pog\u0142\u0119bienie wiedzy teologiczno-katechizmowej o Eucharystii, refleksj\u0119 nad w\u0142a\u015bciwym jej przygotowaniem i sprawowaniem (<\/strong><em>ars celebrandi<\/em><strong>), rozwijanie liturgicznej formacji s\u0142u\u017cby o\u0142tarza, piel\u0119gnowanie pobo\u017cno\u015bci eucharystycznej, <\/strong><strong>ze szczeg\u00f3ln\u0105 zach\u0119t\u0105 wiernych do prze\u017cywania Eucharystii i praktyki adoracji Naj\u015bwi\u0119tszego Sakramentu<\/strong>.<\/p>\r\n\r\n\r\n\r\n<p><strong>ROK PIERWSZY (<\/strong><strong>2019\/2020)<\/strong><\/p>\r\n\r\n\r\n\r\n<p><strong>\u00a0\u201eWielka tajemnica wiary\u201d<\/strong><\/p>\r\n\r\n\r\n\r\n<p>Rok liturgiczny i duszpasterski 2019\/2020 jest po\u015bwi\u0119cony Eucharystii <em>wyznawanej<\/em> i b\u0119dzie przebiega\u0107 wok\u00f3\u0142 my\u015bli wyra\u017conej s\u0142owami \u201eWielka tajemnica wiary\u201d z mottem biblijnym: \u201e[\u2026] aby\u015bcie uwierzyli w Tego, kt\u00f3rego [B\u00f3g] pos\u0142a\u0142\u201d (J 6, 29).<\/p>\r\n\r\n\r\n\r\n<p><strong>Proponowana bibliografia<\/strong><\/p>\r\n\r\n\r\n\r\n<p><strong>A. Dokumenty Urz\u0119du Nauczycielskiego Ko\u015bcio\u0142a<\/strong><\/p>\r\n\r\n\r\n\r\n<p><strong>I. Dokumenty soborowe<\/strong><\/p>\r\n\r\n\r\n\r\n<ol class=\"wp-block-list\">\r\n<li><strong>Sob\u00f3r Trydencki<\/strong><\/li>\r\n<\/ol>\r\n\r\n\r\n\r\n<ul class=\"wp-block-list\">\r\n<li><em>Dekret o Naj\u015bwi\u0119tszym Sakramencie Eucharystii oraz kanony <\/em>(11.10.1551), w: <em>Dokumenty sobor\u00f3w powszechnych. Tekst grecki, \u0142aci\u0144ski, arabski, ormia\u0144ski, polski. T. IV (1511-1870): Lateran V, Trydent, Watykan I<\/em>, oprac. A. Baron, H. Pietras, Krak\u00f3w 2004, s. 444-459<\/li>\r\n<li><em>Nauka o Komunii pod dwiema postaciami i Komunii dzieci oraz kanony <\/em>(16.07.1562), w: <em>Dokumenty sobor\u00f3w powszechnych. Tekst grecki, \u0142aci\u0144ski, arabski, ormia\u0144ski, polski. T. IV (1511-1870): Lateran V, Trydent, Watykan I<\/em>, oprac. A. Baron, H. Pietras, Krak\u00f3w 2004, s. 606-613.<\/li>\r\n<li><em>Nauka i kanony o Naj\u015bwi\u0119tszej Ofierze Mszy \u015bwi\u0119tej <\/em>(17.09.1562), w: <em>Dokumenty sobor\u00f3w powszechnych. Tekst grecki, \u0142aci\u0144ski, arabski, ormia\u0144ski, polski. T. IV (1511-1870): Lateran V, Trydent, Watykan I<\/em>, oprac. A. Baron, H. Pietras, Krak\u00f3w 2004, s. 636-647.<\/li>\r\n<\/ul>\r\n\r\n\r\n\r\n<ol class=\"wp-block-list\" start=\"2\">\r\n<li><strong>Sob\u00f3r Watyka\u0144ski II<\/strong><\/li>\r\n<\/ol>\r\n\r\n\r\n\r\n<p><a href=\"https:\/\/liturgista.pl\/index.php?page=liturgy_norms&amp;content=document&amp;label=1963-vat2-liturgia\" target=\"_blank\" rel=\"noreferrer noopener\">Konstytucja o liturgii \u015bwi\u0119tej <em>Sacrosanctum concilium<\/em> (4.12.1963)<\/a><\/p>\r\n\r\n\r\n\r\n<p><a href=\"http:\/\/ptm.rel.pl\/index.php?option=com_content&amp;view=article&amp;id=113&amp;catid=39&amp;Itemid=198\" target=\"_blank\" rel=\"noreferrer noopener\">Konstytucja dogmatyczna o Ko\u015bciele <em>Lumen gentium<\/em> (21.11.1964)<\/a><\/p>\r\n\r\n\r\n\r\n<p><strong>II. Dokumenty papieskie<\/strong><\/p>\r\n\r\n\r\n\r\n<ol class=\"wp-block-list\">\r\n<li><strong>Leon XIII<\/strong><\/li>\r\n<\/ol>\r\n\r\n\r\n\r\n<p><a href=\"https:\/\/liturgista.pl\/index.php?page=liturgy_norms&amp;content=document&amp;label=1902-leon13-mirae\" target=\"_blank\" rel=\"noreferrer noopener\">Encyklika <em>Mirae caritatis<\/em> o Sakramencie Eucharystii (28.05.1902)<\/a><\/p>\r\n\r\n\r\n\r\n<ol class=\"wp-block-list\" start=\"2\">\r\n<li><strong>Pius XII:<\/strong><\/li>\r\n<\/ol>\r\n\r\n\r\n\r\n<p><a href=\"https:\/\/liturgista.pl\/index.php?page=liturgy_norms&amp;content=document&amp;label=1947-pius12-mediator\" target=\"_blank\" rel=\"noreferrer noopener\">Encyklika <em>Mediator Dei<\/em> o \u015bwi\u0119tej liturgii (20.11.1947)<\/a><\/p>\r\n\r\n\r\n\r\n<ol class=\"wp-block-list\" start=\"3\">\r\n<li><strong>Pawe\u0142 VI:<\/strong><\/li>\r\n<\/ol>\r\n\r\n\r\n\r\n<p><a href=\"https:\/\/opoka.org.pl\/biblioteka\/W\/WP\/pawel_vi\/encykliki\/mysterium_fidei_03091965.html\" target=\"_blank\" rel=\"noreferrer noopener\">Encyklika <em>Mysterium fidei<\/em> w sprawie nauki o Naj\u015bwi\u0119tszej Eucharystii i jej kultu (3.09.1965)<\/a><\/p>\r\n\r\n\r\n\r\n<p><a href=\"http:\/\/www.duchprawdy.com\/wyznanie_wiary_papieza_pawla_vi.htm\" target=\"_blank\" rel=\"noreferrer noopener\">Uroczyste wyznanie wiary (30.06.1968)<\/a><\/p>\r\n\r\n\r\n\r\n<ol class=\"wp-block-list\" start=\"4\">\r\n<li><strong>Jan Pawe\u0142 II:<\/strong><\/li>\r\n<\/ol>\r\n\r\n\r\n\r\n<p><a href=\"https:\/\/papiez.wiara.pl\/doc\/377312.Dominicae-cenae-o-tajemnicy-i-kulcie-Eucharystii\" target=\"_blank\" rel=\"noreferrer noopener\">List apostolski <em>Dominicae Coenae<\/em> do wszystkich biskup\u00f3w Ko\u015bcio\u0142a o tajemnicy i kulcie Eucharystii (6.03.1980)<\/a><\/p>\r\n\r\n\r\n\r\n<p><a href=\"https:\/\/opoka.org.pl\/biblioteka\/W\/WP\/jan_pawel_ii\/listy\/dies_domini_0_31051998.html\" target=\"_blank\" rel=\"noreferrer noopener\">List apostolski <em>Dies Domini<\/em> o \u015bwi\u0119towaniu niedzieli (31.05.1998)<\/a><\/p>\r\n\r\n\r\n\r\n<p><a href=\"https:\/\/opoka.org.pl\/biblioteka\/W\/WP\/jan_pawel_ii\/encykliki\/eucharistia_17042003.html\" target=\"_blank\" rel=\"noreferrer noopener\">Encyklika <em>Ecclesia de Eucharistia<\/em> o Eucharystii w \u017cyciu Ko\u015bcio\u0142a (17.04.2003)<\/a><\/p>\r\n\r\n\r\n\r\n<p><a href=\"https:\/\/opoka.org.pl\/biblioteka\/W\/WP\/jan_pawel_ii\/listy\/mane_nobiscum_07112004.html\" target=\"_blank\" rel=\"noreferrer noopener\">List apostolski <em>Mane nobiscum Domine<\/em> z okazji Roku Eucharystii (7.10.2004)<\/a><\/p>\r\n\r\n\r\n\r\n<ol class=\"wp-block-list\" start=\"5\">\r\n<li><strong>Benedykt XVI:<\/strong><\/li>\r\n<\/ol>\r\n\r\n\r\n\r\n<p><a href=\"https:\/\/opoka.org.pl\/biblioteka\/W\/WP\/benedykt_xvi\/adhortacje\/sacramentum_caritatis_22022007.html\" target=\"_blank\" rel=\"noreferrer noopener\">Posynodalna adhortacja apostolska <em>Sacramentum caritatis<\/em> o Eucharystii, \u017ar\u00f3dle i szczycie \u017cycia i misji Ko\u015bcio\u0142a (22.02.2007)<\/a><\/p>\r\n\r\n\r\n\r\n<p><a href=\"https:\/\/liturgista.pl\/index.php?page=liturgy_norms&amp;content=document&amp;label=2007-B16-mp-summorum\" target=\"_blank\" rel=\"noreferrer noopener\">List apostolski motu proprio <em>Summorum Pontificum<\/em> o celebracji liturgii rzymskiej ustanowionej przed reform\u0105 roku 1970 (7.07.2007)<\/a><\/p>\r\n\r\n\r\n\r\n<p><a href=\"https:\/\/opoka.org.pl\/biblioteka\/W\/WP\/benedykt_xvi\/listy\/promultis_14052012.html\">List do przewodnicz\u0105cego Konferencji Episkopatu Niemiec w zwi\u0105zku z kwesti\u0105 t\u0142umaczenia s\u0142\u00f3w \u00abpro multis\u00bb w Modlitwach Eucharystycznych (14.04.2012)<\/a><\/p>\r\n\r\n\r\n\r\n<p><strong>\u00a0II. <\/strong><strong>Dokumenty Kongregacji Nauki Wiary<\/strong><\/p>\r\n\r\n\r\n\r\n<p><a href=\"https:\/\/opoka.org.pl\/biblioteka\/W\/WR\/kongregacje\/kdwiary\/zbior\/t_2_7.html\" target=\"_blank\" rel=\"noreferrer noopener\">List do biskup\u00f3w Ko\u015bcio\u0142a katolickiego o niekt\u00f3rych zagadnieniach dotycz\u0105cych szafarza Eucharystii (6.08.1983)<\/a><\/p>\r\n\r\n\r\n\r\n<p><a href=\"https:\/\/opoka.org.pl\/biblioteka\/W\/WR\/kongregacje\/kdwiary\/rozwod_14091994.html\" target=\"_blank\" rel=\"noreferrer noopener\">List do biskup\u00f3w Ko\u015bcio\u0142a katolickiego na temat przyjmowania Komunii \u015bw. przez wiernych rozwiedzionych \u017cyj\u0105cych w nowych zwi\u0105zkach (14.09.1994)<\/a><\/p>\r\n\r\n\r\n\r\n<p><strong>III. Dokumenty<\/strong> <strong>Komisji Wykonawczej Konstytucji o \u015bwi\u0119tej liturgii, \u015awi\u0119tej Kongregacji Obrz\u0119d\u00f3w oraz Kongregacji Kultu Bo\u017cego i Dyscypliny Sakrament\u00f3w<\/strong><\/p>\r\n\r\n\r\n\r\n<p><a href=\"https:\/\/liturgista.pl\/index.php?page=liturgy_norms&amp;content=document&amp;label=1967kwkl_euch_mist\" target=\"_blank\" rel=\"noreferrer noopener\">Instrukcja <em>Eucharisticum Mysterium<\/em> o kulcie Tajemnicy Eucharystycznej (25.07.1967)<\/a><\/p>\r\n\r\n\r\n\r\n<p><a href=\"https:\/\/liturgista.pl\/index.php?page=liturgy_norms&amp;content=document&amp;label=1980-kongr-inaestimabile\" target=\"_blank\" rel=\"noreferrer noopener\">Instrukcja <em>Inaestimabile donum<\/em> w sprawie niekt\u00f3rych norm dotycz\u0105cych kultu Tajemnicy Eucharystycznej (3.04.1980)<\/a><\/p>\r\n\r\n\r\n\r\n<p><a href=\"https:\/\/opoka.org.pl\/biblioteka\/W\/WR\/kongregacje\/kkultu\/rok_eucharystii_15102004.html\" target=\"_blank\" rel=\"noreferrer noopener\">Rok Eucharystii. Sugestie i propozycje (15.10.2004)<\/a><\/p>\r\n\r\n\r\n\r\n<p><a href=\"https:\/\/liturgista.pl\/index.php?page=liturgy_norms&amp;content=document&amp;label=2004-kongr-redemptionis\" target=\"_blank\" rel=\"noreferrer noopener\">Instrukcja <em>Redemptionis sacramentum<\/em> o tym, co nale\u017cy zachowywa\u0107, a czego unika\u0107 w zwi\u0105zku z Naj\u015bwi\u0119tsz\u0105 Eucharysti\u0105 (25.03.2004)<\/a><\/p>\r\n\r\n\r\n\r\n<p><strong>\u00a0IV. <\/strong><strong>Katechizmy<\/strong><\/p>\r\n\r\n\r\n\r\n<p><a href=\"http:\/\/www.katechizm.opoka.org.pl\/rkkkII-2-1.htm\" target=\"_blank\" rel=\"noreferrer noopener\">Katechizm Ko\u015bcio\u0142a Katolickiego, wyd. II popr., Pozna\u0144 2002 (nr 1322-1419)<\/a><\/p>\r\n\r\n\r\n\r\n<p><a href=\"http:\/\/www.ruda-parafianin.pl\/kompe\/start.htm\" target=\"_blank\" rel=\"noreferrer noopener\">Kompendium Katechizmu Ko\u015bcio\u0142a Katolickiego, Kielce 2005 (nr 271-294)<\/a><\/p>\r\n\r\n\r\n\r\n<ul class=\"wp-block-list\">\r\n<li><em>Youcat polski. Katechizm Ko\u015bcio\u0142a Katolickiego dla m\u0142odych<\/em>, wyd. II popr., Cz\u0119stochowa 2011 (nr 208-223)<\/li>\r\n<li><em>Youcat dla dzieci. Katolicki katechizm dla dzieci i rodzic\u00f3w<\/em>, Cz\u0119stochowa 2019 (nr 74-80)<\/li>\r\n<\/ul>\r\n\r\n\r\n\r\n<p><strong>B. Teksty liturgiczne<\/strong><\/p>\r\n\r\n\r\n\r\n<ul class=\"wp-block-list\">\r\n<li><em>Msza\u0142 rzymski<\/em>, oprac. benedyktyni tynieccy, Pozna\u0144 1963.<\/li>\r\n<li><em>Msza\u0142 rzymski dla diecezji polskich <\/em>(w tym:<em> Og\u00f3lne wprowadzenie do Msza\u0142u rzymskiego<\/em>), wyd. II popr. i poszerz., Pozna\u0144 2010.<\/li>\r\n<li><em>Lekcjonarz mszalny<\/em>, wyd. II popr., Pozna\u0144 2015-2019 (zw\u0142aszcza czytania w Mszy wotywnej o Naj\u015bwi\u0119tszej Eucharystii, t. VIII, s. 478-512).<\/li>\r\n<li><em>Komunia \u015bwi\u0119ta i kult tajemnicy eucharystycznej poza Msz\u0105 \u015bwi\u0119t\u0105 dostosowane do zwyczaj\u00f3w diecezji polskich<\/em>, Katowice 1985.<\/li>\r\n<\/ul>\r\n\r\n\r\n\r\n<p><strong>\u00a0C. <\/strong><strong>Opracowania<\/strong><\/p>\r\n\r\n\r\n\r\n<ul class=\"wp-block-list\">\r\n<li>Cantalamessa R., <em>Eucharystia nasze u\u015bwi\u0119cenie. Tajemnica Wieczerzy Pa\u0144skiej<\/em>, Warszawa 2008.<\/li>\r\n<li>Gagliardi M., <em>Wprowadzenie do tajemnicy Eucharystii. Doktryna, liturgia, pobo\u017cno\u015b\u0107<\/em>, Krak\u00f3w 2017.<\/li>\r\n<li>Grze\u015bkowiak J., <em>Msza \u015bwi\u0119ta jako ofiara<\/em>, Monachium \u2013 Krak\u00f3w 2018.<\/li>\r\n<li>Napi\u00f3rkowski A., <em>Boski chleb cz\u0142owieka<\/em>, Krak\u00f3w 2018.<\/li>\r\n<li>Ozorowski E., <em>Eucharystia w nauce i praktyce Ko\u015bcio\u0142a katolickiego<\/em>, wyd. drugie, Bia\u0142ystok 2014.<\/li>\r\n<li>Ratzinger J., <em>Teologia liturgii. Sakramentalne podstawy \u017cycia chrze\u015bcija\u0144skiego<\/em> (<em>Opera omnia<\/em>, t. XI), red. K. G\u00f3\u017ad\u017a, M. G\u00f3recka, Lublin 2012 (cz\u0119\u015b\u0107 C: <em>\u015awi\u0119towanie Eucharystii \u2013 \u017ar\u00f3d\u0142o i szczyt \u017cycia chrze\u015bcija\u0144skiego<\/em>)<\/li>\r\n<li>Salij J., <em>Najwi\u0119kszy skarb. Rzecz o Eucharystii<\/em>, Pozna\u0144 2019.<\/li>\r\n<li>Starowieyski M., <em>Eucharystia pierwszych chrze\u015bcijan<\/em>, Krak\u00f3w 2014.<\/li>\r\n<\/ul>\r\n","protected":false},"excerpt":{"rendered":"<p>PROGRAM DUSZPASTERSKI KO\u015aCIO\u0141A KATOLICKIEGO W POLSCE W pierwsz\u0105 niedziel\u0119 Adwentu rozpocz\u0119\u0142a si\u0119 realizacja nowego programu duszpasterskiego pod has\u0142em \u201eEucharystia daje \u017cycie\u201d. Program rozpisano na trzy lata (2019\u20132022). Has\u0142a poszczeg\u00f3lnych lat jego realizacji s\u0105 nast\u0119puj\u0105ce: Rok I(2019\/2020)Temat: Wielka tajemnica wiaryMotto biblijne: \u201e[\u2026] aby\u015bcie uwierzyli w Tego, kt\u00f3rego [B\u00f3g] pos\u0142a\u0142\u201d (J 6, 29) Rok II(2020\/2021)Temat: Zgromadzeni na [&hellip;]<\/p>\n","protected":false},"author":1,"featured_media":97,"parent":0,"menu_order":0,"comment_status":"closed","ping_status":"closed","template":"","meta":{"footnotes":""},"class_list":["post-33","page","type-page","status-publish","has-post-thumbnail","hentry"],"_links":{"self":[{"href":"http:\/\/www.tradycja-swidnica.org.pl\/index.php\/wp-json\/wp\/v2\/pages\/33","targetHints":{"allow":["GET"]}}],"collection":[{"href":"http:\/\/www.tradycja-swidnica.org.pl\/index.php\/wp-json\/wp\/v2\/pages"}],"about":[{"href":"http:\/\/www.tradycja-swidnica.org.pl\/index.php\/wp-json\/wp\/v2\/types\/page"}],"author":[{"embeddable":true,"href":"http:\/\/www.tradycja-swidnica.org.pl\/index.php\/wp-json\/wp\/v2\/users\/1"}],"replies":[{"embeddable":true,"href":"http:\/\/www.tradycja-swidnica.org.pl\/index.php\/wp-json\/wp\/v2\/comments?post=33"}],"version-history":[{"count":2,"href":"http:\/\/www.tradycja-swidnica.org.pl\/index.php\/wp-json\/wp\/v2\/pages\/33\/revisions"}],"predecessor-version":[{"id":98,"href":"http:\/\/www.tradycja-swidnica.org.pl\/index.php\/wp-json\/wp\/v2\/pages\/33\/revisions\/98"}],"wp:featuredmedia":[{"embeddable":true,"href":"http:\/\/www.tradycja-swidnica.org.pl\/index.php\/wp-json\/wp\/v2\/media\/97"}],"wp:attachment":[{"href":"http:\/\/www.tradycja-swidnica.org.pl\/index.php\/wp-json\/wp\/v2\/media?parent=33"}],"curies":[{"name":"wp","href":"https:\/\/api.w.org\/{rel}","templated":true}]}}