{"id":23,"date":"2021-07-01T09:26:58","date_gmt":"2021-07-01T09:26:58","guid":{"rendered":"http:\/\/www.tradycja-swidnica.org.pl\/?page_id=23"},"modified":"2022-05-28T18:51:19","modified_gmt":"2022-05-28T18:51:19","slug":"o-nas","status":"publish","type":"page","link":"http:\/\/www.tradycja-swidnica.org.pl\/index.php\/o-nas\/","title":{"rendered":"O Nas"},"content":{"rendered":"\r\n<p><strong>1. Informacje og\u00f3lne<\/strong><\/p>\r\n\r\n\r\n\r\n<p>\r\n\r\n<\/p>\r\n<p style=\"text-align: justify;\">Duszpasterstwo Wiernych Tradycji \u0141aci\u0144skiej wpisuje si\u0119\u00a0 w powsta\u0142y na bazie nauczania Benedykta XVI nowy ruch liturgiczny, kt\u00f3rego rdzeniem ma by\u0107 wszechstronna formacja jego cz\u0142onk\u00f3w oraz ukazywanie pi\u0119kna liturgii rzymskiej w obu jej formach. Duszpasterstwo czerpie z wielowiekowej tradycji liturgicznej Ko\u015bcio\u0142a katolickiego w duchu hermeneutyki ci\u0105g\u0142o\u015bci. Cele Duszpasterstwa s\u0105 realizowane w ramach formacji duchowej i liturgicznej oraz intelektualnej.<\/p>\r\n<p>\r\n\r\n<\/p>\r\n<p style=\"text-align: justify;\">Duszpasterstwo Wiernych Tradycji \u0141aci\u0144skiej dzia\u0142a w oparciu o statut i zasady funkcjonowania zatwierdzone <em>ad experimentum<\/em> na 5 lat dekretem Biskupa \u015awidnickiego z dnia 1 maja 2013 roku i przed\u0142u\u017cone na kolejne 5 lat dekretem Biskupa \u015awidnickiego z dnia 26 kwietnia 2018 roku. Pierwszym duszpasterzem zosta\u0142 ustanowiony ks. dr Zbigniew Chromy. Po z\u0142o\u017ceniu przez niego rezygnacji Biskup \u015awidnicki dekretem z dnia 22 stycznia 2015 r. ustanowi\u0142 duszpasterzem ks. Juliana Nasta\u0142ka, \u00f3wczesnego wikariusza Parafii katedralnej w \u015awidnicy. W dzia\u0142alno\u015b\u0107 Duszpasterstwa s\u0105 r\u00f3wnie\u017c zaanga\u017cowani jako celebransi: ks. dr hab. Dominik Ostrowski, prof. PWT (\u015awidnica), ks. dr Zbigniew Chromy (Wa\u0142brzych) i ks. Jaros\u0142aw Buczy\u0144ski (Wa\u0142brzych). Okazjonalnie do przewodniczenia niekt\u00f3rym celebracjom s\u0105 zapraszani inni ksi\u0119\u017ca.<\/p>\r\n<p>\r\n\r\n<\/p>\r\n<p style=\"text-align: justify;\">W Duszpasterstwie dzia\u0142a s\u0142u\u017cba liturgiczna (ministranci) oraz zespo\u0142y muzyczno-\u015bpiewacze: w \u015awidnicy <em>schola cantorum<\/em> pod kierunkiem p. Marty Monety, w Wa\u0142brzychu\u00a0 zesp\u00f3\u0142 wokalny pod kierunkiem ks. Artura Merholca koraz grupa z K\u0142odzka z kantorem i organist\u0105 p. Piotrem Milczarkiem.<\/p>\r\n<p>\r\n\r\n<\/p>\r\n<p style=\"text-align: justify;\">Duszpasterstwo posiada stron\u0119 internetow\u0105: <span style=\"color: #000000;\"><a style=\"color: #000000;\" href=\"http:\/\/www.tradycja-swidnica.org.pl\">tradycja-swidnica.org.pl<\/a> <\/span>oraz fanpage na<span style=\"color: #000000;\"> <a style=\"color: #000000;\" href=\"https:\/\/www.facebook.com\/pages\/Duszpasterstwo-Wiernych-Tradycji-%C5%81aci%C5%84skiej-w-Diecezji-%C5%9Awidnickiej\/223533237684119?_rdr=p.\">Facebooku.<\/a><\/span><\/p>\r\n<p>\r\n\r\n<\/p>\r\n<p style=\"text-align: justify;\">Centralnym o\u015brodkiem Duszpasterstwa jest Parafia katedralna w \u015awidnicy we wsp\u00f3\u0142pracy z\u00a0Caritas Diecezji \u015awidnickiej (ko\u015bci\u00f3\u0142 Krzy\u017ca \u015aw.). Patronem jest \u015bw. J\u00f3zef Oblubieniec NMP. Duszpasterstwo gromadzi katolik\u00f3w duchownych i \u015bwieckich pragn\u0105cych piel\u0119gnowa\u0107 i pog\u0142\u0119bia\u0107 swoj\u0105 duchowo\u015b\u0107 liturgiczn\u0105.<\/p>\r\n<p>\r\n\r\n<\/p>\r\n<p><strong>2. Historia powstania Duszpasterstwa<\/strong><\/p>\r\n<p>\r\n\r\n<\/p>\r\n<p style=\"text-align: justify;\">W Diecezji \u015awidnickiej celebracje Mszy \u015bw. wed\u0142ug dawnych ksi\u0105g rozpocz\u0119\u0142y si\u0119 w 2007 r. w sanktuarium Matki Bo\u017cej Bolesnej w Wa\u0142brzychu na mocy indultu wydanego przez Biskupa \u015awidnickiego. 13 maja pierwsz\u0105 tak\u0105 Msz\u0119 \u015bw. sprawowa\u0142 ks. dr Wojciech Grygiel z Bractwa Kap\u0142a\u0144skiego \u015bw. Piotra. Kolejne Msze \u015bw. by\u0142y sprawowane przez niego lub innych kap\u0142an\u00f3w w drug\u0105 niedziel\u0119 miesi\u0105ca. Na Mszy \u015bw. 13 stycznia 2008 r. by\u0142 obecny Ksi\u0105dz Biskup Ignacy Dec, kt\u00f3ry wyg\u0142osi\u0142 homili\u0119 i udzieli\u0142 pasterskiego b\u0142ogos\u0142awie\u0144stwa. 9 marca 2008 r. Msz\u0119 \u015bw. odprawi\u0142 ks. Zbigniew Chromy.<\/p>\r\n<p>\r\n\r\n<\/p>\r\n<p style=\"text-align: justify;\">W pa\u017adzierniku 2008 r. Biskup \u015awidnicki wyznaczy\u0142 na celebransa comiesi\u0119cznej Mszy \u015bwi\u0119tej ks. Juliana Nasta\u0142ka, a nast\u0119pnie w 2009 roku ks. Zbigniewa Chromego. Od listopada 2009 do grudnia 2010 celebracje mia\u0142y miejsce w ko\u015bciele pw. Niepokalanego Pocz\u0119cia NMP w\u00a0Wa\u0142brzychu. Od marca 2011 do czerwca 2012 roku odbywa\u0142y si\u0119 w ko\u015bciele pw. \u015bw. J\u00f3zefa Robotnika w\u00a0Wa\u0142brzychu, gdzie celebrowa\u0142 je ks. Grzegorz Kucharski. Ponadto w Wa\u0142brzychu 28 marca 2009 r. w ko\u015bciele pw. \u015awi\u0119tych Anio\u0142\u00f3w Str\u00f3\u017c\u00f3w zosta\u0142a odprawiona uroczysta Msza \u015bwi\u0119ta z wykonaniem cz\u0119\u015bci sta\u0142ych z\u00a0<em>Mszy Koronacyjnej<\/em> Mozarta. Natomiast 2 listopada 2011 r. w ko\u015bciele pw. \u015awi\u0119tych Aposto\u0142\u00f3w Piotra i Paw\u0142a celebrowana by\u0142a uroczysta Msza \u015bwi\u0119ta \u017ca\u0142obna, podczas kt\u00f3rej wykonano <em>Requiem d-moll<\/em> Mozarta. Kilka celebracji odby\u0142o si\u0119 r\u00f3wnie\u017c w ko\u015bciele pw. Naj\u015bwi\u0119tszego Serca Pana Jezusa w Wa\u0142brzychu. Zosta\u0142 tam te\u017c w 2008 r. udzielony sakrament chrztu w starszej formie.<\/p>\r\n<p>\r\n\r\n<\/p>\r\n<p style=\"text-align: justify;\">W \u015awidnicy tradycyjna liturgia by\u0142a sprawowana od 2009 do 2012 roku w czwartki i ostatni\u0105 niedziel\u0119 miesi\u0105ca w ko\u015bciele pw. \u015bw. J\u00f3zefa przez ks. Zbigniewa Chromego. W tym czasie z\u00a0jego inspiracji zosta\u0142a utworzona <em>schola cantorum<\/em> pod kierunkiem pani Marty Monety. W\u00a0ko\u015bciele \u015bw. J\u00f3zefa w 2010 r. zosta\u0142 udzielony sakrament chrztu \u015bw. w nadzwyczajnej formie rytu rzymskiego. Od wrze\u015bnia 2012 roku wszystkie celebracje zosta\u0142y przeniesione do ko\u015bcio\u0142a katedralnego pw. \u015bw. Stanis\u0142awa i\u00a0Wac\u0142awa, a nast\u0119pnie Msze niedzielne do ko\u015bcio\u0142a Krzy\u017ca \u015aw.<\/p>\r\n<p>\r\n\r\n<\/p>\r\n<p style=\"text-align: justify;\">Na pro\u015bb\u0119 wiernych Ziemi K\u0142odzkiej z\u0142o\u017con\u0105 w \u015awidnickiej Kurii Biskupiej comiesi\u0119czne celebracje niedzielne w K\u0142odzku odbywaj\u0105 si\u0119 od 7 kwietnia 2013 roku. Na miejsce celebracji zosta\u0142a wskazana kaplica pw. \u015bw. Marii Magdaleny, za\u015b celebransem zosta\u0142 ustanowiony ks. Julian Nasta\u0142ek. Od grudnia 2010 do kwietnia 2011 roku celebracje mia\u0142y miejsce ko\u015bciele oo. jezuit\u00f3w pw. Wniebowzi\u0119cia NMP.<\/p>\r\n<p>\r\n\r\n<\/p>\r\n<p style=\"text-align: justify;\">Ponadto Msze \u015bw. w formie nadzwyczajnej by\u0142y sprawowane okazjonalnie w Ludwikowicach K\u0142odzkich (kaplica si\u00f3str w DPS) i\u00a0w\u00a0ko\u015bciele pw. Wniebowzi\u0119cia NMP Imbramowicach, gdzie 18.08.2012 r. zosta\u0142 zawarty sakrament ma\u0142\u017ce\u0144stwa wed\u0142ug dawnego Rytua\u0142u Rzymskiego.<\/p>\r\n<p>\r\n\r\n<\/p>\r\n<p style=\"text-align: justify;\">W dniach od 1 do 7 lipca 2009 r. w sanktuarium Naj\u015bwi\u0119tszej Maryi Panny \u0141askawej w\u00a0Krzeszowie odby\u0142y si\u0119 I Warsztaty Liturgiczne \u201eArs serviendi\u201d kt\u00f3rych organizatorem by\u0142 ks. Zbigniew Chromy.<\/p>\r\n<p>\r\n\r\n<\/p>\r\n<p style=\"text-align: justify;\">W 2013 ks. Zbigniew Chromy i ks. Julian Nasta\u0142ek z\u0142o\u017cyli na r\u0119ce Biskupa \u015awidnickiego oficjaln\u0105 pro\u015bb\u0119 o powo\u0142anie Duszpasterstwa Wiernych Tradycji \u0141aci\u0144skiej Diecezji \u015awidnickiej wraz z projektami jego statutu i zasad funkcjonowania opracowanymi na podstawie rozwi\u0105za\u0144 przyj\u0119tych w innych diecezjach Ko\u015bcio\u0142a katolickiego w Polsce.<\/p>\r\n<p>\r\n\r\n<\/p>\r\n<p style=\"text-align: justify;\">Duszpasterstwo jest w\u0142\u0105czone w Centrum Informacyjne Ruchu <em>Summorum Pontificum<\/em>, prowadz\u0105ce serwis internetowy UnaCum.pl. (<a href=\"http:\/\/www.unacum.pl\">www.unacum.pl<\/a>), kt\u00f3rego w\u0142a\u015bcicielem jest Stowarzyszenie <em>Una Voce Polonia<\/em>, cz\u0142onek Mi\u0119dzynarodowej Federacji <em>Una Voce<\/em>, skupiaj\u0105cej wiernych przywi\u0105zanych do \u0142aci\u0144skiej tradycji liturgicznej i uznawanej przez Stolic\u0119 Apostolsk\u0105. Dzi\u0119ki temu w celebracjach organizowanych przez Duszpasterstwo uczestnicz\u0105 okazjonalnie wierni spoza Diecezji \u015awidnickiej oraz jest prowadzona wsp\u00f3\u0142praca z innymi duszpasterstwami o tym profilu dzia\u0142aj\u0105cymi w Polsce.<\/p>\r\n<p>\r\n\r\n<\/p>\r\n<p style=\"text-align: justify;\"><strong>3. Dzia\u0142alno\u015b\u0107 Duszpasterstwa<\/strong><\/p>\r\n<p>\r\n\r\n<\/p>\r\n<p style=\"text-align: justify;\">Dzia\u0142alno\u015b\u0107 Duszpasterstwa na p\u0142aszczy\u017anie <strong>formacji liturgicznej i duchowej<\/strong> przebiega obecnie w\u00a0nast\u0119puj\u0105cych elementach sta\u0142ych:<\/p>\r\n<p>\r\n\r\n<\/p>\r\n<p style=\"text-align: justify;\">1. <em>Msza \u015bwi\u0119ta w nadzwyczajnej formie rytu rzymskiego (wg msza\u0142u \u015bw. Jana XXIII)<\/em><\/p>\r\n<p>\r\n\r\n<\/p>\r\n<p>\r\n\r\n<\/p>\r\n<p>\r\n\r\n<\/p>\r\n<p style=\"text-align: justify;\"><em>2. Liturgia Godzin:<\/em><\/p>\r\n<p>\r\n\r\n<\/p>\r\n<p>\u015awidnica, ko\u015bci\u00f3\u0142 katedralny:<\/p>\r\n<ul class=\"wp-block-list\" style=\"text-align: justify;\">\r\n<li>I Nieszpory I Niedzieli Adwentu z obrz\u0119dem b\u0142ogos\u0142awie\u0144stwa wie\u0144ca i \u015bwiec adwentowych pod przewodnictwem Ks. Biskupa<\/li>\r\n<li>Wigilia uroczysto\u015bci Wszystkich \u015awi\u0119tych (wynagradzaj\u0105ca za grzechy satanizmu i\u00a0okultyzmu)<\/li>\r\n<\/ul>\r\n<p>\r\n\r\n<\/p>\r\n<p style=\"text-align: justify;\">4. <em>Godzina \u015bwi\u0119ta \u2013 pierwszoczwartkowa adoracja Naj\u015bwi\u0119tszego Sakramentu<\/em><\/p>\r\n<p>\r\n\r\n<\/p>\r\n<ul class=\"wp-block-list\" style=\"text-align: justify;\">\r\n<li>\u015awidnica, ko\u015bci\u00f3\u0142 Caritas Diecezji \u015awidnickiej pw. Krzy\u017ca \u015awi\u0119tego: pierwszy czwartek miesi\u0105ca, godz. 20.00-21.00 (od kwietnia 2015 do czerwca 2016 i ponownie od wrze\u015bnia 2018)<\/li>\r\n<\/ul>\r\n<p>\r\n\r\n<\/p>\r\n<p style=\"text-align: justify;\">5. <em>Pierwszopi\u0105tkowa Droga krzy\u017cowa z uczczeniem relikwii Drzewa Krzy\u017ca \u015awi\u0119tego<\/em><\/p>\r\n<p>\r\n\r\n<\/p>\r\n<ul class=\"wp-block-list\" style=\"text-align: justify;\">\r\n<li>\u015awidnica, ko\u015bci\u00f3\u0142 Caritas Diecezji \u015awidnickiej pw. Krzy\u017ca \u015awi\u0119tego: pierwszy pi\u0105tek miesi\u0105ca, godz. 20.00-21.00 (od wrze\u015bnia 2019)<\/li>\r\n<\/ul>\r\n<p>\r\n\r\n<\/p>\r\n<p style=\"text-align: justify;\">6. <em>Inne celebracje:<\/em><\/p>\r\n<p>\r\n\r\n<\/p>\r\n<ul class=\"wp-block-list\" style=\"text-align: justify;\">\r\n<li>Msza \u015bw. wigilijna uroczysto\u015bci Zes\u0142ania Ducha \u015awi\u0119tego z d\u0142u\u017csz\u0105 liturgi\u0105 s\u0142owa (od 2015) z b\u0142ogos\u0142awie\u0144stwem prymicyjnym<\/li>\r\n<li>Liturgia stacyjna w \u015arod\u0119 Popielcow\u0105 w \u015awidnicy pod przewodnictwem Biskupa \u015awidnickiego (od 2015)<\/li>\r\n<\/ul>\r\n<p>\r\n\r\n<\/p>\r\n<p style=\"text-align: justify;\">W ci\u0105gu minionych lat wed\u0142ug <em>Rituale Romanum<\/em> 1952 zosta\u0142o udzielonych 6 chrzt\u00f3w; pob\u0142ogos\u0142awiono 3 zwi\u0105zki ma\u0142\u017ce\u0144skie. Tym celebracjom towarzyszy\u0142o sprawowanie Mszy \u015bw. w starszej formie rytu rzymskiego.<\/p>\r\n<p>\r\n\r\n<\/p>\r\n<p style=\"text-align: justify;\">Zosta\u0142y r\u00f3wnie\u017c przygotowane liczne celebracje okazjonalne, a po\u015br\u00f3d nich:<\/p>\r\n<p>\r\n\r\n<\/p>\r\n<p>Msze solenne:<\/p>\r\n<p>\r\n\r\n<\/p>\r\n<ul class=\"wp-block-list\" style=\"text-align: justify;\">\r\n<li>5.01.2013 \u2013 z okazji udzielenia chrztu \u015bw. w ko\u015bciele Naj\u015bwi\u0119tszego Zbawiciela i\u00a0Matki Bo\u017cej Szkaplerznej w Strzegomiu<\/li>\r\n<li>5.04.2015 \u2013 z okazji Niedzieli Zmartwychwstania Pa\u0144skiego w ko\u015bciele Krzy\u017ca \u015aw. w \u015awidnicy<\/li>\r\n<li>8.10.2016 \u2013 z okazji Og\u00f3lnopolskiego Kongresu Ma\u0142\u017ce\u0144stw w ko\u015bciele \u015bw. J\u00f3zefa w \u015awidnicy<\/li>\r\n<li>12.09.2017 \u2013 w ko\u015bciele Krzy\u017ca \u015aw. w \u015awidnicy z okazji 750-lecia tego\u017c ko\u015bcio\u0142a i 10-lecia listu Apostolskiego motu proprio <em>Summorum Pontificum<\/em> Benedykta XVI<\/li>\r\n<li>29.09.2018 \u2013 z okazji uroczysto\u015bci \u015bw. Micha\u0142a Archanio\u0142a w\u00a0ko\u015bciele Krzy\u017ca \u015aw. w\u00a0\u015awidnicy<\/li>\r\n<li>29.09.2020 &#8211; z okazji uroczysto\u015bci \u015bw. Micha\u0142a Archanio\u0142a w ko\u015bciele\u00a0 Krzy\u017ca \u015awi\u0119tego w \u015awidnicy z kazaniem ks. prof. dra hab. Bogdana Ferdka<\/li>\r\n<\/ul>\r\n<p>&nbsp;<\/p>\r\n<p>\r\n\r\n<\/p>\r\n<ul class=\"wp-block-list\" style=\"text-align: justify;\">\r\n<li>28.09.2014 \u2013 Msza \u015bw. \u015bpiewana z okazji uroczysto\u015bci \u015bw. Wac\u0142awa, m\u0119czennika w\u00a0ko\u015bciele katedralnym w \u015awidnicy<\/li>\r\n<li>29.11.2014 \u2013 Msza \u015bw. <em>Requiem<\/em> z absolucj\u0105 nad katafalkiem w Kudowie-Zdroju Czermnej<\/li>\r\n<li>od kwietnia 2015 do czerwca 2016 \u2013 adoracja Krzy\u017ca w I pi\u0105tki miesi\u0105ca w ko\u015bciele Krzy\u017ca \u015aw. w \u015awidnicy<\/li>\r\n<li>8.06.2017 \u2013 pierwsza Msza \u015bw. w starszej formie neoprezbitera ks. \u0141ukasza Basistego z\u00a0b\u0142ogos\u0142awie\u0144stwem prymicyjnym w kaplicy Matki Bo\u017cej \u015awidnickiej<\/li>\r\n<li>7.09.2017 \u2013 konsekracja przez Ks. Biskupa Adama Ba\u0142abucha wed\u0142ug <em>Pontificale Romanum 1961-1962<\/em> pateny i kielicha ufundowanych przez duchowie\u0144stwo i wiernych Duszpasterstwa<\/li>\r\n<li>28.09.2017 \u2013 Msza \u015bw. odpustowa ku czci \u015bw. Wac\u0142awa w ko\u015bciele katedralnym w\u00a0\u015awidnicy pod przewodnictwem Biskupa \u015awidnickiego<\/li>\r\n<li>15.10.2017 \u2013 wprowadzenie relikwii \u015bw. Jadwigi \u015al\u0105skiej do ko\u015bcio\u0142a katedralnego w\u00a0\u015awidnicy<\/li>\r\n<li>8.04.2018 \u2013 Msza \u015bw. \u015bpiewana z okazji 5-lecia celebracji w kaplicy \u015bw. Marii Magdaleny w K\u0142odzku i spotkanie duszpasterskie<\/li>\r\n<li>29.04.2018 \u2013 Msza \u015bw. \u015bpiewana z okazji 5-lecia Duszpasterstwa w ko\u015bciele Krzy\u017ca \u015aw. w \u015awidnicy<\/li>\r\n<li>19.05.2018 &#8211; Msza \u015bw. wigilijna uroczysto\u015bci Zes\u0142ania Ducha \u015awi\u0119tego z d\u0142u\u017csz\u0105 liturgi\u0105 s\u0142owa (ko\u015bci\u00f3\u0142 \u015awi\u0119tego Krzy\u017ca w\u00a0\u015awidnicy)<\/li>\r\n<li>29.06.2018 \u2013 Msza \u015bw. z okazji uroczysto\u015bci \u015bwi\u0119tych Aposto\u0142\u00f3w Piotra i Paw\u0142a w\u00a0ko\u015bciele \u015awi\u0119tego Krzy\u017ca w\u00a0\u015awidnicy<\/li>\r\n<li>29.09.2018 \u2013\u00a0 Msza \u015bw. <span style=\"color: #000000;\">z okazji uroczysto\u015bci \u015bw. Micha\u0142a Archanio\u0142a w\u00a0ko\u015bciele \u015awi\u0119tego Krzy\u017ca w\u00a0\u015awidnicy<\/span><\/li>\r\n<li>15.12.2018 \u2013 \u015apiewana Msza \u015bw. <em>Rorate coeli<\/em> w ko\u015bciele Krzy\u017ca \u015bw. w \u015awidnicy<\/li>\r\n<li>27.12.2018 \u2013 \u015apiewana Msza \u015bw. i b\u0142ogos\u0142awie\u0144stwo wina w ko\u015bciele katedralnym w \u015awidnicy oraz spotkanie op\u0142atkowe Duszpasterstwa<\/li>\r\n<li>18.05.2019 \u2013 Msza \u015bw. \u015bpiewana w ko\u015bciele \u015awi\u0119tego Krzy\u017ca w\u00a0\u015awidnicy z udzia\u0142em templariuszy w intencji nawr\u00f3cenia wrog\u00f3w Ko\u015bcio\u0142a<\/li>\r\n<li>2.06.2019 \u2013 Msza \u015bw. prymicyjna ks. Jaros\u0142awa Buczy\u0144skiego w kaplicy \u015bw. Marii Magdaleny w K\u0142odzku<\/li>\r\n<li>9.06.2019 (Zes\u0142anie Ducha \u015awi\u0119tego) \u2013 Msza \u015bw. \u015bpiewana w ko\u015bciele \u015awi\u0119tego Krzy\u017ca w\u00a0\u015awidnicy<\/li>\r\n<li>24.06.2019 (Narodzenie \u015bw. Jana Chrzciciela) \u2013 pierwsza Msza \u015bw. \u015bpiewana w ko\u015bciele \u015bw. Jerzego i Matki Bo\u017cej R\u00f3\u017ca\u0144cowej w Wa\u0142brzychu<\/li>\r\n<li>1.09.2019 \u2013 Msza \u015bw. \u015bpiewana w kaplicy \u015bw. Marii Magdaleny w K\u0142odzku celebrowana przez ks. dr hab. Wojciecha Grygiela FSSP (UPJPII Krak\u00f3w) z udzia\u0142em s\u0142u\u017cby liturgicznej z DT\u0141 w Krakowie<\/li>\r\n<li>27.10.2019 \u2013 chrzest i Msza \u015bw. w starszej formie rytu rzymskiego w ko\u015bciele Krzy\u017ca \u015bw. w \u015awidnicy<\/li>\r\n<li>25.12.2019 (Narodzenie Pa\u0144skie) \u2013 Msza \u015bw. \u015bpiewana w ko\u015bciele Krzy\u017ca \u015aw. w \u015awidnicy<\/li>\r\n<li>28.12.2019 (\u015bw. M\u0142odziank\u00f3w) \u2013 Msza \u015bw. \u015bpiewana w ko\u015bciele katedralnym w \u015awidnicy (kaplica Matki Bo\u017cej Cz\u0119stochowskiej z homili\u0105 ks. biskupa Adama Ba\u0142abucha; konsekracja pateny i kielicha dla kaplicy w K\u0142odzku; spotkanie op\u0142atkowe<\/li>\r\n<li>28.02.2021 &#8211; chrzest, wyw\u00f3d i Msza \u015bw. \u015bpiewana w ko\u015bciele Krzy\u017ca \u015awi\u0119tego w \u015awidnicy<\/li>\r\n<li>19.03.2021 (\u015aw. J\u00f3zefa, Oblubie\u0144ca NMP) &#8211; Msza \u015bw. \u015bpiewana i nabo\u017ce\u0144stwo do \u015bw. J\u00f3zefa w ko\u015bciele Krzy\u017ca \u015awi\u0119tego w \u015awidnicy z homili\u0105 ks. prof. dra hab. Bogdana Ferdka<\/li>\r\n<li>1.05.2021 (\u015aw. J\u00f3zefa Rzemie\u015blnika) &#8211; Msza \u015bw. \u015bpiewana i nabo\u017ce\u0144stwo do \u015bw. J\u00f3zefa w diecezjalnym sanktuarium \u015bw. J\u00f3zefa w \u015awidnicy<\/li>\r\n<li>2.05.2021 &#8211; Msza \u015bw. \u015bpiewana w ko\u015bciele katedralnym w \u015awidnicy celebrowana przez ks. dra hab. Wojciecha Grygiela FSSP (UPJPII Krak\u00f3w)<\/li>\r\n<li>6.06.2021 (II Niedziela po Zes\u0142aniu Ducha \u015awi\u0119tego) &#8211; Msza \u015bw. prymicyjna ks. Wojciecha Pawliny w ko\u015bciele katedralnym w \u015awidnicy<\/li>\r\n<li>11.06.2021 (Naj\u015bwi\u0119tszego Serca Pana Jezusa)\u00a0 &#8211; Msza \u015bw. \u015bpiewana i nabo\u017ce\u0144stwo ku czci NSPJ w ko\u015bciele Krzy\u017ca \u015awi\u0119tego w \u015awidnicy<\/li>\r\n<li>12.06.2021 &#8211; Msza \u015bw. \u017ca\u0142obna z obrz\u0119dem absolucji w ko\u015bciele \u015bw. Andrzeja Boboli w \u015awidnicy<\/li>\r\n<\/ul>\r\n<p>\r\n\r\n<\/p>\r\n<p style=\"text-align: justify;\">Ponadto mia\u0142y miejsce nast\u0119puj\u0105ce wydarzenia:<\/p>\r\n<p>\r\n\r\n<\/p>\r\n<ul class=\"wp-block-list\" style=\"text-align: justify;\">\r\n<li>20-26.07.2014 \u2013 og\u00f3lnopolskie rekolekcje dla rodzin w Wambierzycach zorganizowane przez Bractwo Kap\u0142a\u0144skie \u015bw. Piotra<\/li>\r\n<li>25.10.2014 \u2013 pielgrzymka autokarowa do sanktuarium \u015bw. Jadwigi \u015al\u0105skiej w\u00a0Trzebnicy \u2013 udzia\u0142 we Mszy \u015bw. pontyfikalnej w <em>usus antiquior<\/em> sprawowanej przez Ks. Arcybiskupa Seniora Mariana Go\u0142\u0119biewskiego<\/li>\r\n<li>9-10 i 13.07. 2015 \u2013 warsztaty tradycyjnej ministrantury w ko\u015bciele \u015awi\u0119tego Krzy\u017ca w \u015awidnicy \u2013 6 uczestnik\u00f3w<\/li>\r\n<li>16-23.08.2015 \u2013 II edycja warsztat\u00f3w liturgicznych <em>Ars Celebrandi<\/em> w sanktuarium maryjnym w Licheniu, w kt\u00f3rych wzi\u0105\u0142 udzia\u0142 ks. Julian Nasta\u0142ek<\/li>\r\n<li>8-9.02.2016<strong> \u2013 <\/strong>warsztaty tradycyjnej ministrantury w ko\u015bciele \u015awi\u0119tego Krzy\u017ca w\u00a0\u015awidnicy<\/li>\r\n<li>10.10.2017 \u2013 pielgrzymka autokarowa do sanktuarium \u015bw. Jadwigi \u015al\u0105skiej w\u00a0Trzebnicy z okazji zako\u0144czenia Roku Jadwi\u017ca\u0144skiego \u2013 odebranie relikwii \u015bw. Jadwigi<\/li>\r\n<li>corocznie kilka koncert\u00f3w scholi cantorum \u201eExultet\u201d z repertuarem kol\u0119d, pie\u015bni pasyjnych i\u00a0maryjnych w ko\u015bciele katedralnym w \u015awidnicy, ko\u015bciele Krzy\u017ca \u015aw. w\u00a0\u015awidnicy, ko\u015bciele \u015bw. Andrzeja Boboli w \u015awidnicy, ko\u015bciele \u015bw. Jerzego i Matki Bo\u017cej R\u00f3\u017ca\u0144cowej w Wa\u0142brzychu oraz innych miejscach.<\/li>\r\n<li>31.09.2019 \u2013 spotkanie formacyjno-integracyjne s\u0142u\u017cby liturgicznej w \u015awidnicy<\/li>\r\n<li>12.10.2019 \u2013 wyk\u0142ad ks. dra Juliana Nasta\u0142ka podczas posiedzenia Diecezjalnej Rady Duszpasterskiej \u201eEucharystia \u2013 tajemnica wyznawana\u201d<\/li>\r\n<li>28.11.2019 \u2013 spotkanie duszpasterskie z wiernymi na temat dalszej dzia\u0142alno\u015bci Duszpasterstwa<\/li>\r\n<\/ul>\r\n<p>\r\n\r\n<\/p>\r\n<p style=\"text-align: justify;\">Cz\u0142onkowie Duszpasterstwa bior\u0105 udzia\u0142 w dorocznej Og\u00f3lnopolskiej Pielgrzymce Wiernych Tradycji \u0141aci\u0144skiej na Jasn\u0105 G\u00f3r\u0119 \u201eTradiclaromontana\u201d, kt\u00f3ra odbywa si\u0119 w listopadzie.<\/p>\r\n<p>\r\n\r\n<\/p>\r\n<p style=\"text-align: justify;\">Na oficjaln\u0105 pro\u015bb\u0119 Duszpasterstwa od 2014 r. podczas Mszy \u015bw. Krzy\u017cma w Wielki Czwartek w ko\u015bciele katedralnym w \u015awidnicy jest b\u0142ogos\u0142awiony olej katechumen\u00f3w potrzebny do udzielania chrztu \u015bw. w starszej formie, a od 2015 roku w \u015arod\u0119 Popielcow\u0105 w \u0142\u0105czno\u015bci z\u00a0Papie\u017cem odbywa si\u0119 liturgia stacyjna z procesj\u0105 pokutn\u0105 z ko\u015bcio\u0142a \u015bw. J\u00f3zefa do ko\u015bcio\u0142a katedralnego pod przewodnictwem Biskupa \u015awidnickiego.<\/p>\r\n<p>\r\n\r\n<\/p>\r\n<p style=\"text-align: justify;\">Do Duszpasterstwa zg\u0142osili si\u0119 cz\u0142onkowie Wielkiego Przeoratu Polski Ordo Militiae Christi Templi Hierosolymitani (templariusze), zamieszkuj\u0105cy w pobli\u017cu \u015awidnicy, prosz\u0105c o\u00a0obj\u0119cie ich opiek\u0105 duszpastersk\u0105. Uczestnicz\u0105 oni w Mszach \u015bw. i innych uroczysto\u015bciach w swoich strojach zakonnych.<\/p>\r\n<p>\r\n\r\n<\/p>\r\n<p style=\"text-align: justify;\">Duszpasterstwo we wrze\u015bniu 2017 r. uczci\u0142o jubileusz 10-lecia wej\u015bcia w \u017cycie motu proprio <em>Summorum Pontificum<\/em> przez ufundowanie nowego kielicha i pateny do sprawowania Naj\u015bwi\u0119tszej Ofiary. Zakupione naczynia zosta\u0142y konsekrowane przez Ks. Biskupa Adama Ba\u0142abucha zgodnie z dawnym Pontyfika\u0142em Rzymskim. Ponadto zakupiono lnian\u0105 bielizn\u0119 kielichow\u0105, kt\u00f3ra r\u00f3wnie\u017c zosta\u0142a po\u015bwi\u0119cona przez Ksi\u0119dza Biskupa. Dzi\u0119ki ofiarno\u015bci wiernych zakupiono tak\u017ce kolejne szaty liturgiczne.<\/p>\r\n<p>\r\n\r\n<\/p>\r\n<p style=\"text-align: justify;\">Zaanga\u017cowanie wiernych gromadz\u0105cych si\u0119 na sprawowanie Mszy \u015bw. w kaplicy \u015bw. Marii Magdaleny w K\u0142odzku, pozwoli\u0142o na wykonanie tam wielu koniecznych prac porz\u0105dkowych i remontowych oraz wyposa\u017cenie zakrystii w potrzebne paramenty liturgiczne, w tym w nowy kielich i paten\u0119, zosta\u0142y konsekrowane przez Ks. Biskupa Adama Ba\u0142abucha zgodnie z dawnym Pontyfika\u0142em Rzymskim.<\/p>\r\n<p>\r\n\r\n<\/p>\r\n<p style=\"text-align: justify;\">W ramach <strong>formacji intelektualnej:<\/strong><\/p>\r\n<p>\r\n\r\n<\/p>\r\n<p style=\"text-align: justify;\">Na <strong>formacj\u0119 intelektualn\u0105 <\/strong>w ramach Duszpasterstwa sk\u0142adaj\u0105 si\u0119 nast\u0119puj\u0105ce elementy:<\/p>\r\n<p>\r\n\r\n<\/p>\r\n<ul class=\"wp-block-list\" style=\"text-align: justify;\">\r\n<li>We wsp\u00f3\u0142pracy z Caritas Diecezji \u015awidnickiej dnia 18.03.2015 r. rozpocz\u0105\u0142 si\u0119 cykl katechez dla doros\u0142ych <em>Lumen fidei \u2013 \u015awiat\u0142o wiary<\/em> w ko\u015bciele Krzy\u017ca \u015bw. w \u015awidnicy, w \u015brody po Mszy \u015bw. o godz. 19.00. Katechezy zainaugurowa\u0142 Biskup \u015awidnicki, kt\u00f3ry zgodzi\u0142 si\u0119 odpowiada\u0107 co miesi\u0105c na pytania zadawane przez wiernych. Katechezy prowadzili ksi\u0119\u017ca diecezjalni specjalizuj\u0105cy si\u0119 w r\u00f3\u017cnych dziedzinach teologicznych oraz zaproszeni go\u015bcie, m. in. ks. prof. B. Ferdek, p. Andrzej Wronka, p. Bogna Bia\u0142ecka. Cykl katechez zako\u0144czy\u0142 si\u0119 w czerwcu 2016 r.<\/li>\r\n<\/ul>\r\n<p>\r\n\r\n<\/p>\r\n<ul class=\"wp-block-list\" style=\"text-align: justify;\">\r\n<li>W diecezjalnej prasie katolickiej (<em>Go\u015b\u0107 \u015awidnicki, Niedziela \u015awidnicka<\/em>) publikowane s\u0105 teksty ks. Zbigniewa Chromego i ks. Juliana Nasta\u0142ka na temat doktryny wiary, historii Ko\u015bcio\u0142a i\u00a0liturgii, a tak\u017ce relacje z\u00a0wa\u017cniejszych wydarze\u0144 organizowanych przez Duszpasterstwo.<\/li>\r\n<li>Na pro\u015bb\u0119 Przewodnicz\u0105cego Komisji ds. Kultu Bo\u017cego i Dyscypliny Sakrament\u00f3w Episkopatu Polski, Biskupa Pomocniczego Diecezji \u015awidnickiej Adama Ba\u0142abucha, ks. Julian Nasta\u0142ek udzieli\u0142 odpowiedzi na pytania dotycz\u0105ce sprawowania liturgii w\u00a0nadzwyczajnej formie rytu rzymskiego, kt\u00f3re zosta\u0142y opublikowane w biuletynie \u201eAnamnesis\u201d 82, s. 94-97 oraz 99.<\/li>\r\n<li>Od stycznia 2019 r. prowadzona jest przez ks. Juliana Nasta\u0142ka comiesi\u0119czna katecheza (po Mszy \u015bw. w ostatni czwartek miesi\u0105ca) o tematyce eucharystycznej. Pierwszy cykl katechez dotyczy\u0142 historii rozwoju doktryny o Naj\u015bwi\u0119tszej Eucharystii. Planowany drugi cykl ma dotyczy\u0107 obrz\u0119d\u00f3w Mszy \u015bw. wg <em>Missale Romanum<\/em> \u015bw. Jana XXIII.<\/li>\r\n<li>W diecezjalnej prasie katolickiej (<em>Go\u015b\u0107 \u015awidnicki, Niedziela \u015awidnicka<\/em>) publikowane s\u0105 teksty ks. Zbigniewa Chromego i ks. Juliana Nasta\u0142ka odno\u015bnie do doktryny wiary i liturgii, a tak\u017ce relacje z\u00a0wa\u017cniejszych wydarze\u0144 organizowanych przez Duszpasterstwo.<\/li>\r\n<\/ul>\r\n<h1 class=\"post-title\" style=\"text-align: center;\"><span style=\"color: #000000;\"><a style=\"color: #000000;\" href=\"https:\/\/tradycja-swidnica.pl\/statut-duszpasterstwa\/\">Statut duszpasterstwa<\/a><\/span><\/h1>\r\n<p>&nbsp;<\/p>\r\n<hr \/>\r\n<p><span style=\"font-size: 8pt;\">Podzi\u0119kowania za udost\u0119pnienie zdj\u0119\u0107 na stron\u0119:<\/span><\/p>\r\n<p><span style=\"font-size: 8pt;\"> <\/span><\/p>\r\n<p>&nbsp;<\/p>\r\n<p><span style=\"font-size: 8pt;\">Obraz <a href=\"https:\/\/pixabay.com\/pl\/users\/AliceKeyStudio-1614541\/?utm_source=link-attribution&amp;utm_medium=referral&amp;utm_campaign=image&amp;utm_content=1157916\"> AliceKeyStudio<\/a> z <a href=\"https:\/\/pixabay.com\/pl\/?utm_source=link-attribution&amp;utm_medium=referral&amp;utm_campaign=image&amp;utm_content=1157916\"> Pixabay<\/a> Obraz <a href=\"https:\/\/pixabay.com\/pl\/users\/Tomasz_Mikolajczyk-106840\/?utm_source=link-attribution&amp;utm_medium=referral&amp;utm_campaign=image&amp;utm_content=1100710\"> Tomasz Miko\u0142ajczyk<\/a> z <a href=\"https:\/\/pixabay.com\/pl\/?utm_source=link-attribution&amp;utm_medium=referral&amp;utm_campaign=image&amp;utm_content=1100710\"> Pixabay<\/a> Obraz <a href=\"https:\/\/pixabay.com\/pl\/users\/Didgeman-153208\/?utm_source=link-attribution&amp;utm_medium=referral&amp;utm_campaign=image&amp;utm_content=898330\"> Thomas B.<\/a> z <a href=\"https:\/\/pixabay.com\/pl\/?utm_source=link-attribution&amp;utm_medium=referral&amp;utm_campaign=image&amp;utm_content=898330\"> Pixabay<\/a> Obraz <a href=\"https:\/\/pixabay.com\/pl\/users\/ddzphoto-5605533\/?utm_source=link-attribution&amp;utm_medium=referral&amp;utm_campaign=image&amp;utm_content=3481187\"> ddzphoto<\/a> z <a href=\"https:\/\/pixabay.com\/pl\/?utm_source=link-attribution&amp;utm_medium=referral&amp;utm_campaign=image&amp;utm_content=3481187\"> Pixabay<\/a> Obraz <a href=\"https:\/\/pixabay.com\/pl\/users\/geralt-9301\/?utm_source=link-attribution&amp;utm_medium=referral&amp;utm_campaign=image&amp;utm_content=2887463\"> Gerd Altmann<\/a> z <a href=\"https:\/\/pixabay.com\/pl\/?utm_source=link-attribution&amp;utm_medium=referral&amp;utm_campaign=image&amp;utm_content=2887463\"> Pixabay<\/a> Obraz <a href=\"https:\/\/pixabay.com\/pl\/users\/Tama66-1032521\/?utm_source=link-attribution&amp;utm_medium=referral&amp;utm_campaign=image&amp;utm_content=4349521\"> Peter H<\/a> z <a href=\"https:\/\/pixabay.com\/pl\/?utm_source=link-attribution&amp;utm_medium=referral&amp;utm_campaign=image&amp;utm_content=4349521\"> Pixabay<\/a> Obraz <a href=\"https:\/\/pixabay.com\/pl\/users\/FotografieLink-6316043\/?utm_source=link-attribution&amp;utm_medium=referral&amp;utm_campaign=image&amp;utm_content=3086480\"> Igor Link<\/a> z <a href=\"https:\/\/pixabay.com\/pl\/?utm_source=link-attribution&amp;utm_medium=referral&amp;utm_campaign=image&amp;utm_content=3086480\"> Pixabay<\/a> Obraz <a href=\"https:\/\/pixabay.com\/pl\/users\/Roro21-1272875\/?utm_source=link-attribution&amp;utm_medium=referral&amp;utm_campaign=image&amp;utm_content=892679\"> Fr. Romain Marie Bancillon<\/a> z <a href=\"https:\/\/pixabay.com\/pl\/?utm_source=link-attribution&amp;utm_medium=referral&amp;utm_campaign=image&amp;utm_content=892679\"> Pixabay<\/a> Obraz <a href=\"https:\/\/pixabay.com\/pl\/users\/RobertCheaib-616663\/?utm_source=link-attribution&amp;utm_medium=referral&amp;utm_campaign=image&amp;utm_content=1591668\"> Robert Cheaib<\/a> z <a href=\"https:\/\/pixabay.com\/pl\/?utm_source=link-attribution&amp;utm_medium=referral&amp;utm_campaign=image&amp;utm_content=1591668\"> Pixabay<\/a> Obraz <a href=\"https:\/\/pixabay.com\/pl\/users\/12019-12019\/?utm_source=link-attribution&amp;utm_medium=referral&amp;utm_campaign=image&amp;utm_content=177128\"> David Mark<\/a> z <a href=\"https:\/\/pixabay.com\/pl\/?utm_source=link-attribution&amp;utm_medium=referral&amp;utm_campaign=image&amp;utm_content=177128\"> Pixabay<\/a> Obraz <a href=\"https:\/\/pixabay.com\/pl\/users\/Hans-2\/?utm_source=link-attribution&amp;utm_medium=referral&amp;utm_campaign=image&amp;utm_content=3164026\"> Hans Braxmeier<\/a> z <a href=\"https:\/\/pixabay.com\/pl\/?utm_source=link-attribution&amp;utm_medium=referral&amp;utm_campaign=image&amp;utm_content=3164026\"> Pixabay<\/a> Obraz <a href=\"https:\/\/pixabay.com\/pl\/users\/geralt-9301\/?utm_source=link-attribution&amp;utm_medium=referral&amp;utm_campaign=image&amp;utm_content=410223\"> Gerd Altmann<\/a> z <a href=\"https:\/\/pixabay.com\/pl\/?utm_source=link-attribution&amp;utm_medium=referral&amp;utm_campaign=image&amp;utm_content=410223\"> Pixabay<\/a> Obraz <a href=\"https:\/\/pixabay.com\/pl\/users\/awsloley-3972173\/?utm_source=link-attribution&amp;utm_medium=referral&amp;utm_campaign=image&amp;utm_content=4393575\"> awsloley<\/a> z <a href=\"https:\/\/pixabay.com\/pl\/?utm_source=link-attribution&amp;utm_medium=referral&amp;utm_campaign=image&amp;utm_content=4393575\"> Pixabay<\/a> Obraz <a href=\"https:\/\/pixabay.com\/pl\/users\/AliceKeyStudio-1614541\/?utm_source=link-attribution&amp;utm_medium=referral&amp;utm_campaign=image&amp;utm_content=1157672\"> AliceKeyStudio<\/a> z <a href=\"https:\/\/pixabay.com\/pl\/?utm_source=link-attribution&amp;utm_medium=referral&amp;utm_campaign=image&amp;utm_content=1157672\"> Pixabay<\/a> Obraz <a href=\"https:\/\/pixabay.com\/pl\/users\/LNLNLN-1131094\/?utm_source=link-attribution&amp;utm_medium=referral&amp;utm_campaign=image&amp;utm_content=4757262\"> Leonhard Niederwimmer<\/a> z <a href=\"https:\/\/pixabay.com\/pl\/?utm_source=link-attribution&amp;utm_medium=referral&amp;utm_campaign=image&amp;utm_content=4757262\"> Pixabay <\/a><\/span><span style=\"font-size: 8pt;\">Obraz <a href=\"https:\/\/pixabay.com\/photos\/?utm_source=link-attribution&amp;utm_medium=referral&amp;utm_campaign=image&amp;utm_content=1209121\"> Free-Photos<\/a> z <a href=\"https:\/\/pixabay.com\/pl\/?utm_source=link-attribution&amp;utm_medium=referral&amp;utm_campaign=image&amp;utm_content=1209121\"> Pixabay<\/a> <a href=\"https:\/\/episkopat.pl\/\">https:\/\/episkopat.pl\/<\/a><\/span><\/p>","protected":false},"excerpt":{"rendered":"<p>1. Informacje og\u00f3lne Duszpasterstwo Wiernych Tradycji \u0141aci\u0144skiej wpisuje si\u0119\u00a0 w powsta\u0142y na bazie nauczania Benedykta XVI nowy ruch liturgiczny, kt\u00f3rego rdzeniem ma by\u0107 wszechstronna formacja jego cz\u0142onk\u00f3w oraz ukazywanie pi\u0119kna liturgii rzymskiej w obu jej formach. Duszpasterstwo czerpie z wielowiekowej tradycji liturgicznej Ko\u015bcio\u0142a katolickiego w duchu hermeneutyki ci\u0105g\u0142o\u015bci. Cele Duszpasterstwa s\u0105 realizowane w ramach formacji [&hellip;]<\/p>\n","protected":false},"author":1,"featured_media":0,"parent":0,"menu_order":0,"comment_status":"closed","ping_status":"closed","template":"","meta":{"footnotes":""},"class_list":["post-23","page","type-page","status-publish","hentry"],"_links":{"self":[{"href":"http:\/\/www.tradycja-swidnica.org.pl\/index.php\/wp-json\/wp\/v2\/pages\/23","targetHints":{"allow":["GET"]}}],"collection":[{"href":"http:\/\/www.tradycja-swidnica.org.pl\/index.php\/wp-json\/wp\/v2\/pages"}],"about":[{"href":"http:\/\/www.tradycja-swidnica.org.pl\/index.php\/wp-json\/wp\/v2\/types\/page"}],"author":[{"embeddable":true,"href":"http:\/\/www.tradycja-swidnica.org.pl\/index.php\/wp-json\/wp\/v2\/users\/1"}],"replies":[{"embeddable":true,"href":"http:\/\/www.tradycja-swidnica.org.pl\/index.php\/wp-json\/wp\/v2\/comments?post=23"}],"version-history":[{"count":4,"href":"http:\/\/www.tradycja-swidnica.org.pl\/index.php\/wp-json\/wp\/v2\/pages\/23\/revisions"}],"predecessor-version":[{"id":358,"href":"http:\/\/www.tradycja-swidnica.org.pl\/index.php\/wp-json\/wp\/v2\/pages\/23\/revisions\/358"}],"wp:attachment":[{"href":"http:\/\/www.tradycja-swidnica.org.pl\/index.php\/wp-json\/wp\/v2\/media?parent=23"}],"curies":[{"name":"wp","href":"https:\/\/api.w.org\/{rel}","templated":true}]}}